{"id":802,"date":"2019-10-22T11:30:44","date_gmt":"2019-10-22T09:30:44","guid":{"rendered":"https:\/\/www.dixence-resort.ch\/?page_id=802"},"modified":"2020-02-11T14:47:21","modified_gmt":"2020-02-11T13:47:21","slug":"news","status":"publish","type":"page","link":"https:\/\/www.dixence-resort.ch\/en\/news\/","title":{"rendered":"Actualit\u00e9s"},"content":{"rendered":"\n<style type=\"text\/css\" data-created_by=\"avia_inline_auto\" id=\"style-css-av-b7oi9-869d8b5a06c6c2478c1296f579719836\">\n.avia-section.av-b7oi9-869d8b5a06c6c2478c1296f579719836{\nbackground-repeat:no-repeat;\nbackground-image:url(https:\/\/www.dixence-resort.ch\/wp-content\/uploads\/2019\/09\/5DSR0727.jpg);\nbackground-position:100% 50%;\nbackground-attachment:fixed;\n}\n.avia-section.av-b7oi9-869d8b5a06c6c2478c1296f579719836 .av-section-color-overlay{\nopacity:0.5;\nbackground-color:#0a0a0a;\n}\n<\/style>\n<div id='av_section_1'  class='avia-section av-b7oi9-869d8b5a06c6c2478c1296f579719836 main_color avia-section-huge avia-no-border-styling  avia-builder-el-0  el_before_av_blog  avia-builder-el-first  avia-full-stretch avia-bg-style-fixed av-section-color-overlay-active container_wrap sidebar_right'  data-section-bg-repeat='stretch'><div class=\"av-section-color-overlay-wrap\"><div class=\"av-section-color-overlay\"><\/div><div class='container av-section-cont-open' ><main  role=\"main\" itemprop=\"mainContentOfPage\"  class='template-page content  av-content-small alpha units'><div class='post-entry post-entry-type-page post-entry-802'><div class='entry-content-wrapper clearfix'>\n\n<style type=\"text\/css\" data-created_by=\"avia_inline_auto\" id=\"style-css-av-k21nevag-ab6a6040de0ab5a792bc58f5cec813fd\">\n#top .av-special-heading.av-k21nevag-ab6a6040de0ab5a792bc58f5cec813fd{\npadding-bottom:10px;\ncolor:#ffffff;\n}\nbody .av-special-heading.av-k21nevag-ab6a6040de0ab5a792bc58f5cec813fd .av-special-heading-tag .heading-char{\nfont-size:25px;\n}\n.av-special-heading.av-k21nevag-ab6a6040de0ab5a792bc58f5cec813fd .special-heading-inner-border{\nborder-color:#ffffff;\n}\n.av-special-heading.av-k21nevag-ab6a6040de0ab5a792bc58f5cec813fd .av-subheading{\nfont-size:15px;\n}\n<\/style>\n<div  class='av-special-heading av-k21nevag-ab6a6040de0ab5a792bc58f5cec813fd av-special-heading-h1 custom-color-heading blockquote modern-quote modern-centered  avia-builder-el-1  avia-builder-el-no-sibling '><h1 class='av-special-heading-tag '  itemprop=\"headline\"  >All the info about the Dixence-Resort project<\/h1><div class=\"special-heading-border\"><div class=\"special-heading-inner-border\"><\/div><\/div><\/div>\n<\/div><\/div><\/main><!-- close content main element --><\/div><\/div><\/div><div id='after_section_1'  class='main_color av_default_container_wrap container_wrap sidebar_right'  ><div class='container av-section-cont-open' ><div class='template-page content  av-content-small alpha units'><div class='post-entry post-entry-type-page post-entry-802'><div class='entry-content-wrapper clearfix'>\n<div  data-slideshow-options=\"{&quot;animation&quot;:&quot;fade&quot;,&quot;autoplay&quot;:false,&quot;loop_autoplay&quot;:&quot;once&quot;,&quot;interval&quot;:5,&quot;loop_manual&quot;:&quot;manual-endless&quot;,&quot;autoplay_stopper&quot;:false,&quot;noNavigation&quot;:false,&quot;show_slide_delay&quot;:90}\" class='avia-content-slider avia-content-grid-active avia-content-slider1 avia-content-slider-odd  avia-builder-el-2  el_after_av_section  avia-builder-el-no-sibling  av-slideshow-ui av-control-default   av-no-slider-navigation av-slideshow-manual av-loop-once av-loop-manual-endless '  itemscope=\"itemscope\" itemtype=\"https:\/\/schema.org\/Blog\" ><div class=\"avia-content-slider-inner\"><div class=\"slide-entry-wrap\"><article class='slide-entry flex_column  post-entry post-entry-19638 slide-entry-overview slide-loop-1 slide-parity-odd  av_fullwidth first real-thumbnail posttype-post post-format-standard'  itemscope=\"itemscope\" itemtype=\"https:\/\/schema.org\/CreativeWork\" ><a href='https:\/\/www.dixence-resort.ch\/en\/alizee-gaillard-aux-bains-dheremence\/' data-rel='slide-1' class='slide-image' title='Aliz\u00e9e Gaillard visited the thermal baths &#8220;Bains d&#8217;H\u00e9r\u00e9mence&#8221;'><img decoding=\"async\" fetchpriority=\"high\" width=\"1030\" height=\"773\" src=\"https:\/\/www.dixence-resort.ch\/wp-content\/uploads\/2024\/01\/1-1030x773.jpg\" class=\"wp-image-19850 avia-img-lazy-loading-not-19850 attachment-large size-large wp-post-image\" alt=\"\" srcset=\"https:\/\/www.dixence-resort.ch\/wp-content\/uploads\/2024\/01\/1-1030x773.jpg 1030w, https:\/\/www.dixence-resort.ch\/wp-content\/uploads\/2024\/01\/1-300x225.jpg 300w, https:\/\/www.dixence-resort.ch\/wp-content\/uploads\/2024\/01\/1-768x576.jpg 768w, https:\/\/www.dixence-resort.ch\/wp-content\/uploads\/2024\/01\/1-1536x1152.jpg 1536w, https:\/\/www.dixence-resort.ch\/wp-content\/uploads\/2024\/01\/1-1500x1125.jpg 1500w, https:\/\/www.dixence-resort.ch\/wp-content\/uploads\/2024\/01\/1-705x529.jpg 705w, https:\/\/www.dixence-resort.ch\/wp-content\/uploads\/2024\/01\/1.jpg 2048w\" sizes=\"(max-width: 1030px) 100vw, 1030px\" \/><\/a><div class=\"slide-content\"><header class=\"entry-content-header\" aria-label=\"Slide: Aliz\u00e9e Gaillard visited the thermal baths &quot;Bains d&#039;H\u00e9r\u00e9mence&quot;\"><h3 class='slide-entry-title entry-title '  itemprop=\"headline\" ><a href='https:\/\/www.dixence-resort.ch\/en\/alizee-gaillard-aux-bains-dheremence\/' title='Aliz\u00e9e Gaillard visited the thermal baths &#8220;Bains d&#8217;H\u00e9r\u00e9mence&#8221;'>Aliz\u00e9e Gaillard visited the thermal baths &#8220;Bains d&#8217;H\u00e9r\u00e9mence&#8221;<\/a><\/h3><span class=\"blog-categories minor-meta\"><a href=\"https:\/\/www.dixence-resort.ch\/en\/actualites\/wellness\/\" rel=\"tag\">Wellness<\/a> <\/span><span class=\"av-vertical-delimiter\"><\/span><\/header><div class='slide-entry-excerpt entry-content'  itemprop=\"text\" >\r\n\r\n<div class=\"read-more-link\"><a href=\"https:\/\/www.dixence-resort.ch\/en\/alizee-gaillard-aux-bains-dheremence\/\" class=\"more-link\">Read more<span class='more-link-arrow avia-svg-icon avia-font-svg_entypo-fontello' data-av_svg_icon='right-open-big' data-av_iconset='svg_entypo-fontello'><svg version=\"1.1\" xmlns=\"http:\/\/www.w3.org\/2000\/svg\" width=\"15\" height=\"32\" viewBox=\"0 0 15 32\" preserveAspectRatio=\"xMidYMid meet\" role=\"graphics-symbol\" aria-hidden=\"true\">\n<path d=\"M0.416 27.84l11.456-11.84-11.456-11.904q-0.832-0.832 0-1.536 0.832-0.832 1.536 0l12.544 12.608q0.768 0.832 0 1.6l-12.544 12.608q-0.704 0.832-1.536 0-0.832-0.704 0-1.536z\"><\/path>\n<\/svg><\/span><\/a><\/div><\/div><\/div><footer class=\"entry-footer\"><div class=\"slide-meta\"><time class='slide-meta-time updated'  itemprop=\"datePublished\" datetime=\"2024-01-26T17:37:40+01:00\" >26 January 2024<\/time><\/div><\/footer><span class='hidden'>\n\t\t\t\t<span class='av-structured-data'  itemprop=\"image\" itemscope=\"itemscope\" itemtype=\"https:\/\/schema.org\/ImageObject\" >\n\t\t\t\t\t\t<span itemprop='url'>https:\/\/www.dixence-resort.ch\/wp-content\/uploads\/2024\/01\/1.jpg<\/span>\n\t\t\t\t\t\t<span itemprop='height'>1536<\/span>\n\t\t\t\t\t\t<span itemprop='width'>2048<\/span>\n\t\t\t\t<\/span>\n\t\t\t\t<span class='av-structured-data'  itemprop=\"publisher\" itemtype=\"https:\/\/schema.org\/Organization\" itemscope=\"itemscope\" >\n\t\t\t\t\t\t<span itemprop='name'>dellarocreative<\/span>\n\t\t\t\t\t\t<span itemprop='logo' itemscope itemtype='https:\/\/schema.org\/ImageObject'>\n\t\t\t\t\t\t\t<span itemprop='url'>https:\/\/www.dixence-resort.ch\/wp-content\/uploads\/2019\/09\/logo-dixence-resort-4vallees.png<\/span>\n\t\t\t\t\t\t<\/span>\n\t\t\t\t<\/span><span class='av-structured-data'  itemprop=\"author\" itemscope=\"itemscope\" itemtype=\"https:\/\/schema.org\/Person\" ><span itemprop='name'>dellarocreative<\/span><\/span><span class='av-structured-data'  itemprop=\"datePublished\" datetime=\"2019-10-22T11:30:44+02:00\" >2024-01-26 17:37:40<\/span><span class='av-structured-data'  itemprop=\"dateModified\" itemtype=\"https:\/\/schema.org\/dateModified\" >2024-01-26 18:08:43<\/span><span class='av-structured-data'  itemprop=\"mainEntityOfPage\" itemtype=\"https:\/\/schema.org\/mainEntityOfPage\" ><span itemprop='name'>Aliz\u00e9e Gaillard visited the thermal baths &#8220;Bains d&#8217;H\u00e9r\u00e9mence&#8221;<\/span><\/span><\/span><\/article><\/div><div class=\"slide-entry-wrap\"><article class='slide-entry flex_column  post-entry post-entry-8550 slide-entry-overview slide-loop-2 slide-parity-odd  av_fullwidth first real-thumbnail posttype-post post-format-standard'  itemscope=\"itemscope\" itemtype=\"https:\/\/schema.org\/CreativeWork\" ><a href='https:\/\/www.dixence-resort.ch\/en\/tourism-in-the-val-dherens\/' data-rel='slide-1' class='slide-image' title='Tourism in the Val d\u2019H\u00e9rens'><img decoding=\"async\" fetchpriority=\"high\" width=\"1030\" height=\"680\" src=\"https:\/\/www.dixence-resort.ch\/wp-content\/uploads\/2021\/08\/Evol\u00e8ne-H\u00f4tel-de-la-Dent-Blanche-2-photo-ancienne-1030x680.jpg\" class=\"wp-image-8538 avia-img-lazy-loading-not-8538 attachment-large size-large wp-post-image\" alt=\"\" srcset=\"https:\/\/www.dixence-resort.ch\/wp-content\/uploads\/2021\/08\/Evol\u00e8ne-H\u00f4tel-de-la-Dent-Blanche-2-photo-ancienne-1030x680.jpg 1030w, https:\/\/www.dixence-resort.ch\/wp-content\/uploads\/2021\/08\/Evol\u00e8ne-H\u00f4tel-de-la-Dent-Blanche-2-photo-ancienne-300x198.jpg 300w, https:\/\/www.dixence-resort.ch\/wp-content\/uploads\/2021\/08\/Evol\u00e8ne-H\u00f4tel-de-la-Dent-Blanche-2-photo-ancienne-768x507.jpg 768w, https:\/\/www.dixence-resort.ch\/wp-content\/uploads\/2021\/08\/Evol\u00e8ne-H\u00f4tel-de-la-Dent-Blanche-2-photo-ancienne-1536x1014.jpg 1536w, https:\/\/www.dixence-resort.ch\/wp-content\/uploads\/2021\/08\/Evol\u00e8ne-H\u00f4tel-de-la-Dent-Blanche-2-photo-ancienne-1500x990.jpg 1500w, https:\/\/www.dixence-resort.ch\/wp-content\/uploads\/2021\/08\/Evol\u00e8ne-H\u00f4tel-de-la-Dent-Blanche-2-photo-ancienne-705x465.jpg 705w, https:\/\/www.dixence-resort.ch\/wp-content\/uploads\/2021\/08\/Evol\u00e8ne-H\u00f4tel-de-la-Dent-Blanche-2-photo-ancienne.jpg 1579w\" sizes=\"(max-width: 1030px) 100vw, 1030px\" \/><\/a><div class=\"slide-content\"><header class=\"entry-content-header\" aria-label=\"Slide: Tourism in the Val d\u2019H\u00e9rens\"><h3 class='slide-entry-title entry-title '  itemprop=\"headline\" ><a href='https:\/\/www.dixence-resort.ch\/en\/tourism-in-the-val-dherens\/' title='Tourism in the Val d\u2019H\u00e9rens'>Tourism in the Val d\u2019H\u00e9rens<\/a><\/h3><span class=\"blog-categories minor-meta\"><a href=\"https:\/\/www.dixence-resort.ch\/en\/actualites\/history\/\" rel=\"tag\">History<\/a> <\/span><span class=\"av-vertical-delimiter\"><\/span><\/header><div class='slide-entry-excerpt entry-content'  itemprop=\"text\" >Tourism in the Val d\u2019H\u00e9rens: standing at the crossroads between tradition and modernity, its landscape, dotted with summits and unique geological landmarks, has been charming tourists from all backgrounds for centuries.<div class=\"read-more-link\"><a href=\"https:\/\/www.dixence-resort.ch\/en\/tourism-in-the-val-dherens\/\" class=\"more-link\">Read more<span class='more-link-arrow avia-svg-icon avia-font-svg_entypo-fontello' data-av_svg_icon='right-open-big' data-av_iconset='svg_entypo-fontello'><svg version=\"1.1\" xmlns=\"http:\/\/www.w3.org\/2000\/svg\" width=\"15\" height=\"32\" viewBox=\"0 0 15 32\" preserveAspectRatio=\"xMidYMid meet\" role=\"graphics-symbol\" aria-hidden=\"true\">\n<path d=\"M0.416 27.84l11.456-11.84-11.456-11.904q-0.832-0.832 0-1.536 0.832-0.832 1.536 0l12.544 12.608q0.768 0.832 0 1.6l-12.544 12.608q-0.704 0.832-1.536 0-0.832-0.704 0-1.536z\"><\/path>\n<\/svg><\/span><\/a><\/div><\/div><\/div><footer class=\"entry-footer\"><div class=\"slide-meta\"><time class='slide-meta-time updated'  itemprop=\"datePublished\" datetime=\"2021-08-24T18:04:34+02:00\" >24 August 2021<\/time><\/div><\/footer><span class='hidden'>\n\t\t\t\t<span class='av-structured-data'  itemprop=\"image\" itemscope=\"itemscope\" itemtype=\"https:\/\/schema.org\/ImageObject\" >\n\t\t\t\t\t\t<span itemprop='url'>https:\/\/www.dixence-resort.ch\/wp-content\/uploads\/2021\/08\/Evol\u00e8ne-H\u00f4tel-de-la-Dent-Blanche-2-photo-ancienne.jpg<\/span>\n\t\t\t\t\t\t<span itemprop='height'>1042<\/span>\n\t\t\t\t\t\t<span itemprop='width'>1579<\/span>\n\t\t\t\t<\/span>\n\t\t\t\t<span class='av-structured-data'  itemprop=\"publisher\" itemtype=\"https:\/\/schema.org\/Organization\" itemscope=\"itemscope\" >\n\t\t\t\t\t\t<span itemprop='name'>M\u00e9lanie Buffe<\/span>\n\t\t\t\t\t\t<span itemprop='logo' itemscope itemtype='https:\/\/schema.org\/ImageObject'>\n\t\t\t\t\t\t\t<span itemprop='url'>https:\/\/www.dixence-resort.ch\/wp-content\/uploads\/2019\/09\/logo-dixence-resort-4vallees.png<\/span>\n\t\t\t\t\t\t<\/span>\n\t\t\t\t<\/span><span class='av-structured-data'  itemprop=\"author\" itemscope=\"itemscope\" itemtype=\"https:\/\/schema.org\/Person\" ><span itemprop='name'>M\u00e9lanie Buffe<\/span><\/span><span class='av-structured-data'  itemprop=\"datePublished\" datetime=\"2019-10-22T11:30:44+02:00\" >2021-08-24 18:04:34<\/span><span class='av-structured-data'  itemprop=\"dateModified\" itemtype=\"https:\/\/schema.org\/dateModified\" >2021-08-24 18:04:34<\/span><span class='av-structured-data'  itemprop=\"mainEntityOfPage\" itemtype=\"https:\/\/schema.org\/mainEntityOfPage\" ><span itemprop='name'>Tourism in the Val d\u2019H\u00e9rens<\/span><\/span><\/span><\/article><\/div><div class=\"slide-entry-wrap\"><article class='slide-entry flex_column  post-entry post-entry-7694 slide-entry-overview slide-loop-3 slide-parity-odd  av_fullwidth first real-thumbnail posttype-post post-format-standard'  itemscope=\"itemscope\" itemtype=\"https:\/\/schema.org\/CreativeWork\" ><a href='https:\/\/www.dixence-resort.ch\/en\/the-borgne-gorges\/' data-rel='slide-1' class='slide-image' title='The Borgne Gorges'><img decoding=\"async\" fetchpriority=\"high\" width=\"1030\" height=\"687\" src=\"https:\/\/www.dixence-resort.ch\/wp-content\/uploads\/2021\/06\/DSC_2769-1030x687.jpg\" class=\"wp-image-7816 avia-img-lazy-loading-not-7816 attachment-large size-large wp-post-image\" alt=\"\" srcset=\"https:\/\/www.dixence-resort.ch\/wp-content\/uploads\/2021\/06\/DSC_2769-1030x687.jpg 1030w, https:\/\/www.dixence-resort.ch\/wp-content\/uploads\/2021\/06\/DSC_2769-300x200.jpg 300w, https:\/\/www.dixence-resort.ch\/wp-content\/uploads\/2021\/06\/DSC_2769-768x512.jpg 768w, https:\/\/www.dixence-resort.ch\/wp-content\/uploads\/2021\/06\/DSC_2769-1536x1024.jpg 1536w, https:\/\/www.dixence-resort.ch\/wp-content\/uploads\/2021\/06\/DSC_2769-2048x1365.jpg 2048w, https:\/\/www.dixence-resort.ch\/wp-content\/uploads\/2021\/06\/DSC_2769-1500x1000.jpg 1500w, https:\/\/www.dixence-resort.ch\/wp-content\/uploads\/2021\/06\/DSC_2769-705x470.jpg 705w\" sizes=\"(max-width: 1030px) 100vw, 1030px\" \/><\/a><div class=\"slide-content\"><header class=\"entry-content-header\" aria-label=\"Slide: The Borgne Gorges\"><h3 class='slide-entry-title entry-title '  itemprop=\"headline\" ><a href='https:\/\/www.dixence-resort.ch\/en\/the-borgne-gorges\/' title='The Borgne Gorges'>The Borgne Gorges<\/a><\/h3><span class=\"blog-categories minor-meta\"><a href=\"https:\/\/www.dixence-resort.ch\/en\/actualites\/excursions\/\" rel=\"tag\">Excursions<\/a> <\/span><span class=\"av-vertical-delimiter\"><\/span><\/header><div class='slide-entry-excerpt entry-content'  itemprop=\"text\" >Outdoor Experience: Enjoy a hike along the water's edge in Val d'H\u00e9rens, Valais Alps.<div class=\"read-more-link\"><a href=\"https:\/\/www.dixence-resort.ch\/en\/the-borgne-gorges\/\" class=\"more-link\">Read more<span class='more-link-arrow avia-svg-icon avia-font-svg_entypo-fontello' data-av_svg_icon='right-open-big' data-av_iconset='svg_entypo-fontello'><svg version=\"1.1\" xmlns=\"http:\/\/www.w3.org\/2000\/svg\" width=\"15\" height=\"32\" viewBox=\"0 0 15 32\" preserveAspectRatio=\"xMidYMid meet\" role=\"graphics-symbol\" aria-hidden=\"true\">\n<path d=\"M0.416 27.84l11.456-11.84-11.456-11.904q-0.832-0.832 0-1.536 0.832-0.832 1.536 0l12.544 12.608q0.768 0.832 0 1.6l-12.544 12.608q-0.704 0.832-1.536 0-0.832-0.704 0-1.536z\"><\/path>\n<\/svg><\/span><\/a><\/div><\/div><\/div><footer class=\"entry-footer\"><div class=\"slide-meta\"><time class='slide-meta-time updated'  itemprop=\"datePublished\" datetime=\"2021-06-11T09:21:22+02:00\" >11 June 2021<\/time><\/div><\/footer><span class='hidden'>\n\t\t\t\t<span class='av-structured-data'  itemprop=\"image\" itemscope=\"itemscope\" itemtype=\"https:\/\/schema.org\/ImageObject\" >\n\t\t\t\t\t\t<span itemprop='url'>https:\/\/www.dixence-resort.ch\/wp-content\/uploads\/2021\/06\/DSC_2769.jpg<\/span>\n\t\t\t\t\t\t<span itemprop='height'>1707<\/span>\n\t\t\t\t\t\t<span itemprop='width'>2560<\/span>\n\t\t\t\t<\/span>\n\t\t\t\t<span class='av-structured-data'  itemprop=\"publisher\" itemtype=\"https:\/\/schema.org\/Organization\" itemscope=\"itemscope\" >\n\t\t\t\t\t\t<span itemprop='name'>M\u00e9lanie Buffe<\/span>\n\t\t\t\t\t\t<span itemprop='logo' itemscope itemtype='https:\/\/schema.org\/ImageObject'>\n\t\t\t\t\t\t\t<span itemprop='url'>https:\/\/www.dixence-resort.ch\/wp-content\/uploads\/2019\/09\/logo-dixence-resort-4vallees.png<\/span>\n\t\t\t\t\t\t<\/span>\n\t\t\t\t<\/span><span class='av-structured-data'  itemprop=\"author\" itemscope=\"itemscope\" itemtype=\"https:\/\/schema.org\/Person\" ><span itemprop='name'>M\u00e9lanie Buffe<\/span><\/span><span class='av-structured-data'  itemprop=\"datePublished\" datetime=\"2019-10-22T11:30:44+02:00\" >2021-06-11 09:21:22<\/span><span class='av-structured-data'  itemprop=\"dateModified\" itemtype=\"https:\/\/schema.org\/dateModified\" >2021-06-11 09:21:22<\/span><span class='av-structured-data'  itemprop=\"mainEntityOfPage\" itemtype=\"https:\/\/schema.org\/mainEntityOfPage\" ><span itemprop='name'>The Borgne Gorges<\/span><\/span><\/span><\/article><\/div><div class=\"slide-entry-wrap\"><article class='slide-entry flex_column  post-entry post-entry-6050 slide-entry-overview slide-loop-4 slide-parity-odd  av_fullwidth first real-thumbnail posttype-post post-format-standard'  itemscope=\"itemscope\" itemtype=\"https:\/\/schema.org\/CreativeWork\" ><a href='https:\/\/www.dixence-resort.ch\/en\/works-2020\/' data-rel='slide-1' class='slide-image' title='Works 2020'><img decoding=\"async\" fetchpriority=\"high\" width=\"1030\" height=\"737\" src=\"https:\/\/www.dixence-resort.ch\/wp-content\/uploads\/2020\/12\/chambre_h\u00f4tel-1-1030x737.jpg\" class=\"wp-image-6047 avia-img-lazy-loading-not-6047 attachment-large size-large wp-post-image\" alt=\"\" srcset=\"https:\/\/www.dixence-resort.ch\/wp-content\/uploads\/2020\/12\/chambre_h\u00f4tel-1-1030x737.jpg 1030w, https:\/\/www.dixence-resort.ch\/wp-content\/uploads\/2020\/12\/chambre_h\u00f4tel-1-300x215.jpg 300w, https:\/\/www.dixence-resort.ch\/wp-content\/uploads\/2020\/12\/chambre_h\u00f4tel-1-768x549.jpg 768w, https:\/\/www.dixence-resort.ch\/wp-content\/uploads\/2020\/12\/chambre_h\u00f4tel-1-1536x1099.jpg 1536w, https:\/\/www.dixence-resort.ch\/wp-content\/uploads\/2020\/12\/chambre_h\u00f4tel-1-2048x1465.jpg 2048w, https:\/\/www.dixence-resort.ch\/wp-content\/uploads\/2020\/12\/chambre_h\u00f4tel-1-1500x1073.jpg 1500w, https:\/\/www.dixence-resort.ch\/wp-content\/uploads\/2020\/12\/chambre_h\u00f4tel-1-260x185.jpg 260w, https:\/\/www.dixence-resort.ch\/wp-content\/uploads\/2020\/12\/chambre_h\u00f4tel-1-705x504.jpg 705w\" sizes=\"(max-width: 1030px) 100vw, 1030px\" \/><\/a><div class=\"slide-content\"><header class=\"entry-content-header\" aria-label=\"Slide: Works 2020\"><h3 class='slide-entry-title entry-title '  itemprop=\"headline\" ><a href='https:\/\/www.dixence-resort.ch\/en\/works-2020\/' title='Works 2020'>Works 2020<\/a><\/h3><span class=\"blog-categories minor-meta\"><a href=\"https:\/\/www.dixence-resort.ch\/en\/actualites\/works\/\" rel=\"tag\">Works<\/a> <\/span><span class=\"av-vertical-delimiter\"><\/span><\/header><div class='slide-entry-excerpt entry-content'  itemprop=\"text\" >2020 Work report for Dixence Resort Spa and Hotel Centre in H\u00e9r\u00e9mence: the first highlight of 2020 was undoubtedly the installation of the modular chalets<div class=\"read-more-link\"><a href=\"https:\/\/www.dixence-resort.ch\/en\/works-2020\/\" class=\"more-link\">Read more<span class='more-link-arrow avia-svg-icon avia-font-svg_entypo-fontello' data-av_svg_icon='right-open-big' data-av_iconset='svg_entypo-fontello'><svg version=\"1.1\" xmlns=\"http:\/\/www.w3.org\/2000\/svg\" width=\"15\" height=\"32\" viewBox=\"0 0 15 32\" preserveAspectRatio=\"xMidYMid meet\" role=\"graphics-symbol\" aria-hidden=\"true\">\n<path d=\"M0.416 27.84l11.456-11.84-11.456-11.904q-0.832-0.832 0-1.536 0.832-0.832 1.536 0l12.544 12.608q0.768 0.832 0 1.6l-12.544 12.608q-0.704 0.832-1.536 0-0.832-0.704 0-1.536z\"><\/path>\n<\/svg><\/span><\/a><\/div><\/div><\/div><footer class=\"entry-footer\"><div class=\"slide-meta\"><time class='slide-meta-time updated'  itemprop=\"datePublished\" datetime=\"2020-12-23T11:53:27+01:00\" >23 December 2020<\/time><\/div><\/footer><span class='hidden'>\n\t\t\t\t<span class='av-structured-data'  itemprop=\"image\" itemscope=\"itemscope\" itemtype=\"https:\/\/schema.org\/ImageObject\" >\n\t\t\t\t\t\t<span itemprop='url'>https:\/\/www.dixence-resort.ch\/wp-content\/uploads\/2020\/12\/chambre_h\u00f4tel-1.jpg<\/span>\n\t\t\t\t\t\t<span itemprop='height'>1831<\/span>\n\t\t\t\t\t\t<span itemprop='width'>2560<\/span>\n\t\t\t\t<\/span>\n\t\t\t\t<span class='av-structured-data'  itemprop=\"publisher\" itemtype=\"https:\/\/schema.org\/Organization\" itemscope=\"itemscope\" >\n\t\t\t\t\t\t<span itemprop='name'>M\u00e9lanie Buffe<\/span>\n\t\t\t\t\t\t<span itemprop='logo' itemscope itemtype='https:\/\/schema.org\/ImageObject'>\n\t\t\t\t\t\t\t<span itemprop='url'>https:\/\/www.dixence-resort.ch\/wp-content\/uploads\/2019\/09\/logo-dixence-resort-4vallees.png<\/span>\n\t\t\t\t\t\t<\/span>\n\t\t\t\t<\/span><span class='av-structured-data'  itemprop=\"author\" itemscope=\"itemscope\" itemtype=\"https:\/\/schema.org\/Person\" ><span itemprop='name'>M\u00e9lanie Buffe<\/span><\/span><span class='av-structured-data'  itemprop=\"datePublished\" datetime=\"2019-10-22T11:30:44+02:00\" >2020-12-23 11:53:27<\/span><span class='av-structured-data'  itemprop=\"dateModified\" itemtype=\"https:\/\/schema.org\/dateModified\" >2020-12-23 16:00:11<\/span><span class='av-structured-data'  itemprop=\"mainEntityOfPage\" itemtype=\"https:\/\/schema.org\/mainEntityOfPage\" ><span itemprop='name'>Works 2020<\/span><\/span><\/span><\/article><\/div><div class=\"slide-entry-wrap\"><article class='slide-entry flex_column  post-entry post-entry-5367 slide-entry-overview slide-loop-5 slide-parity-odd  av_fullwidth first real-thumbnail posttype-post post-format-standard'  itemscope=\"itemscope\" itemtype=\"https:\/\/schema.org\/CreativeWork\" ><a href='https:\/\/www.dixence-resort.ch\/en\/pyramids-of-euseigne\/' data-rel='slide-1' class='slide-image' title='The Pyramids of Euseigne in the Val d&#8217;H\u00e9rens'><img decoding=\"async\" fetchpriority=\"high\" width=\"1030\" height=\"686\" src=\"https:\/\/www.dixence-resort.ch\/wp-content\/uploads\/2020\/10\/Arri\u00e8re_fond_HD-1030x686.jpg\" class=\"wp-image-5405 avia-img-lazy-loading-not-5405 attachment-large size-large wp-post-image\" alt=\"\" srcset=\"https:\/\/www.dixence-resort.ch\/wp-content\/uploads\/2020\/10\/Arri\u00e8re_fond_HD-1030x686.jpg 1030w, https:\/\/www.dixence-resort.ch\/wp-content\/uploads\/2020\/10\/Arri\u00e8re_fond_HD-300x200.jpg 300w, https:\/\/www.dixence-resort.ch\/wp-content\/uploads\/2020\/10\/Arri\u00e8re_fond_HD-768x512.jpg 768w, https:\/\/www.dixence-resort.ch\/wp-content\/uploads\/2020\/10\/Arri\u00e8re_fond_HD-1536x1024.jpg 1536w, https:\/\/www.dixence-resort.ch\/wp-content\/uploads\/2020\/10\/Arri\u00e8re_fond_HD-1500x1000.jpg 1500w, https:\/\/www.dixence-resort.ch\/wp-content\/uploads\/2020\/10\/Arri\u00e8re_fond_HD-705x470.jpg 705w, https:\/\/www.dixence-resort.ch\/wp-content\/uploads\/2020\/10\/Arri\u00e8re_fond_HD.jpg 1772w\" sizes=\"(max-width: 1030px) 100vw, 1030px\" \/><\/a><div class=\"slide-content\"><header class=\"entry-content-header\" aria-label=\"Slide: The Pyramids of Euseigne in the Val d&#039;H\u00e9rens\"><h3 class='slide-entry-title entry-title '  itemprop=\"headline\" ><a href='https:\/\/www.dixence-resort.ch\/en\/pyramids-of-euseigne\/' title='The Pyramids of Euseigne in the Val d&#8217;H\u00e9rens'>The Pyramids of Euseigne in the Val d&#8217;H\u00e9rens<\/a><\/h3><span class=\"blog-categories minor-meta\"><a href=\"https:\/\/www.dixence-resort.ch\/en\/actualites\/excursions\/\" rel=\"tag\">Excursions<\/a>, <a href=\"https:\/\/www.dixence-resort.ch\/en\/actualites\/hiking\/\" rel=\"tag\">Hiking<\/a>, <a href=\"https:\/\/www.dixence-resort.ch\/en\/actualites\/leisure-activities\/\" rel=\"tag\">Leisure activities<\/a> <\/span><span class=\"av-vertical-delimiter\"><\/span><\/header><div class='slide-entry-excerpt entry-content'  itemprop=\"text\" >Visit one of the most incredible geological curiosities in the Swiss Alps: the natural pyramids of Euseigne in the Val d'H\u00e9rens, Valais<div class=\"read-more-link\"><a href=\"https:\/\/www.dixence-resort.ch\/en\/pyramids-of-euseigne\/\" class=\"more-link\">Read more<span class='more-link-arrow avia-svg-icon avia-font-svg_entypo-fontello' data-av_svg_icon='right-open-big' data-av_iconset='svg_entypo-fontello'><svg version=\"1.1\" xmlns=\"http:\/\/www.w3.org\/2000\/svg\" width=\"15\" height=\"32\" viewBox=\"0 0 15 32\" preserveAspectRatio=\"xMidYMid meet\" role=\"graphics-symbol\" aria-hidden=\"true\">\n<path d=\"M0.416 27.84l11.456-11.84-11.456-11.904q-0.832-0.832 0-1.536 0.832-0.832 1.536 0l12.544 12.608q0.768 0.832 0 1.6l-12.544 12.608q-0.704 0.832-1.536 0-0.832-0.704 0-1.536z\"><\/path>\n<\/svg><\/span><\/a><\/div><\/div><\/div><footer class=\"entry-footer\"><div class=\"slide-meta\"><time class='slide-meta-time updated'  itemprop=\"datePublished\" datetime=\"2020-10-08T10:16:31+02:00\" >8 October 2020<\/time><\/div><\/footer><span class='hidden'>\n\t\t\t\t<span class='av-structured-data'  itemprop=\"image\" itemscope=\"itemscope\" itemtype=\"https:\/\/schema.org\/ImageObject\" >\n\t\t\t\t\t\t<span itemprop='url'>https:\/\/www.dixence-resort.ch\/wp-content\/uploads\/2020\/10\/Arri\u00e8re_fond_HD.jpg<\/span>\n\t\t\t\t\t\t<span itemprop='height'>1181<\/span>\n\t\t\t\t\t\t<span itemprop='width'>1772<\/span>\n\t\t\t\t<\/span>\n\t\t\t\t<span class='av-structured-data'  itemprop=\"publisher\" itemtype=\"https:\/\/schema.org\/Organization\" itemscope=\"itemscope\" >\n\t\t\t\t\t\t<span itemprop='name'>M\u00e9lanie Buffe<\/span>\n\t\t\t\t\t\t<span itemprop='logo' itemscope itemtype='https:\/\/schema.org\/ImageObject'>\n\t\t\t\t\t\t\t<span itemprop='url'>https:\/\/www.dixence-resort.ch\/wp-content\/uploads\/2019\/09\/logo-dixence-resort-4vallees.png<\/span>\n\t\t\t\t\t\t<\/span>\n\t\t\t\t<\/span><span class='av-structured-data'  itemprop=\"author\" itemscope=\"itemscope\" itemtype=\"https:\/\/schema.org\/Person\" ><span itemprop='name'>M\u00e9lanie Buffe<\/span><\/span><span class='av-structured-data'  itemprop=\"datePublished\" datetime=\"2019-10-22T11:30:44+02:00\" >2020-10-08 10:16:31<\/span><span class='av-structured-data'  itemprop=\"dateModified\" itemtype=\"https:\/\/schema.org\/dateModified\" >2020-12-23 11:56:56<\/span><span class='av-structured-data'  itemprop=\"mainEntityOfPage\" itemtype=\"https:\/\/schema.org\/mainEntityOfPage\" ><span itemprop='name'>The Pyramids of Euseigne in the Val d&#8217;H\u00e9rens<\/span><\/span><\/span><\/article><\/div><div class=\"slide-entry-wrap\"><article class='slide-entry flex_column  post-entry post-entry-5014 slide-entry-overview slide-loop-6 slide-parity-odd  av_fullwidth first real-thumbnail posttype-post post-format-standard'  itemscope=\"itemscope\" itemtype=\"https:\/\/schema.org\/CreativeWork\" ><a href='https:\/\/www.dixence-resort.ch\/en\/ferpecle-et-mont-mine-walk-to-the-foot-of-the-glaciers\/' data-rel='slide-1' class='slide-image' title='Ferp\u00e8cle and Mont Min\u00e9: a walk to the foot of the glaciers in Val d&#8217;H\u00e9rens'><img decoding=\"async\" fetchpriority=\"high\" width=\"1030\" height=\"687\" src=\"https:\/\/www.dixence-resort.ch\/wp-content\/uploads\/2020\/09\/DSC_1284-1030x687.jpg\" class=\"wp-image-5083 avia-img-lazy-loading-not-5083 attachment-large size-large wp-post-image\" alt=\"\" srcset=\"https:\/\/www.dixence-resort.ch\/wp-content\/uploads\/2020\/09\/DSC_1284-1030x687.jpg 1030w, https:\/\/www.dixence-resort.ch\/wp-content\/uploads\/2020\/09\/DSC_1284-300x200.jpg 300w, https:\/\/www.dixence-resort.ch\/wp-content\/uploads\/2020\/09\/DSC_1284-768x512.jpg 768w, https:\/\/www.dixence-resort.ch\/wp-content\/uploads\/2020\/09\/DSC_1284-705x470.jpg 705w, https:\/\/www.dixence-resort.ch\/wp-content\/uploads\/2020\/09\/DSC_1284.jpg 1200w\" sizes=\"(max-width: 1030px) 100vw, 1030px\" \/><\/a><div class=\"slide-content\"><header class=\"entry-content-header\" aria-label=\"Slide: Ferp\u00e8cle and Mont Min\u00e9: a walk to the foot of the glaciers in Val d&#039;H\u00e9rens\"><h3 class='slide-entry-title entry-title '  itemprop=\"headline\" ><a href='https:\/\/www.dixence-resort.ch\/en\/ferpecle-et-mont-mine-walk-to-the-foot-of-the-glaciers\/' title='Ferp\u00e8cle and Mont Min\u00e9: a walk to the foot of the glaciers in Val d&#8217;H\u00e9rens'>Ferp\u00e8cle and Mont Min\u00e9: a walk to the foot of the glaciers in Val d&#8217;H\u00e9rens<\/a><\/h3><span class=\"blog-categories minor-meta\"><a href=\"https:\/\/www.dixence-resort.ch\/en\/actualites\/excursions\/\" rel=\"tag\">Excursions<\/a>, <a href=\"https:\/\/www.dixence-resort.ch\/en\/actualites\/hiking\/\" rel=\"tag\">Hiking<\/a>, <a href=\"https:\/\/www.dixence-resort.ch\/en\/actualites\/leisure-activities\/\" rel=\"tag\">Leisure activities<\/a> <\/span><span class=\"av-vertical-delimiter\"><\/span><\/header><div class='slide-entry-excerpt entry-content'  itemprop=\"text\" >Bucolic valley, typical hamlets of Val d'H\u00e9rens, dam & glacier, ...; hike to reach out and touch the Mont Min\u00e9 and Ferp\u00e8cle glaciers - part of federal inventory of alluvial sites of national importance<div class=\"read-more-link\"><a href=\"https:\/\/www.dixence-resort.ch\/en\/ferpecle-et-mont-mine-walk-to-the-foot-of-the-glaciers\/\" class=\"more-link\">Read more<span class='more-link-arrow avia-svg-icon avia-font-svg_entypo-fontello' data-av_svg_icon='right-open-big' data-av_iconset='svg_entypo-fontello'><svg version=\"1.1\" xmlns=\"http:\/\/www.w3.org\/2000\/svg\" width=\"15\" height=\"32\" viewBox=\"0 0 15 32\" preserveAspectRatio=\"xMidYMid meet\" role=\"graphics-symbol\" aria-hidden=\"true\">\n<path d=\"M0.416 27.84l11.456-11.84-11.456-11.904q-0.832-0.832 0-1.536 0.832-0.832 1.536 0l12.544 12.608q0.768 0.832 0 1.6l-12.544 12.608q-0.704 0.832-1.536 0-0.832-0.704 0-1.536z\"><\/path>\n<\/svg><\/span><\/a><\/div><\/div><\/div><footer class=\"entry-footer\"><div class=\"slide-meta\"><time class='slide-meta-time updated'  itemprop=\"datePublished\" datetime=\"2020-09-01T10:39:42+02:00\" >1 September 2020<\/time><\/div><\/footer><span class='hidden'>\n\t\t\t\t<span class='av-structured-data'  itemprop=\"image\" itemscope=\"itemscope\" itemtype=\"https:\/\/schema.org\/ImageObject\" >\n\t\t\t\t\t\t<span itemprop='url'>https:\/\/www.dixence-resort.ch\/wp-content\/uploads\/2020\/09\/DSC_1284.jpg<\/span>\n\t\t\t\t\t\t<span itemprop='height'>800<\/span>\n\t\t\t\t\t\t<span itemprop='width'>1200<\/span>\n\t\t\t\t<\/span>\n\t\t\t\t<span class='av-structured-data'  itemprop=\"publisher\" itemtype=\"https:\/\/schema.org\/Organization\" itemscope=\"itemscope\" >\n\t\t\t\t\t\t<span itemprop='name'>M\u00e9lanie Buffe<\/span>\n\t\t\t\t\t\t<span itemprop='logo' itemscope itemtype='https:\/\/schema.org\/ImageObject'>\n\t\t\t\t\t\t\t<span itemprop='url'>https:\/\/www.dixence-resort.ch\/wp-content\/uploads\/2019\/09\/logo-dixence-resort-4vallees.png<\/span>\n\t\t\t\t\t\t<\/span>\n\t\t\t\t<\/span><span class='av-structured-data'  itemprop=\"author\" itemscope=\"itemscope\" itemtype=\"https:\/\/schema.org\/Person\" ><span itemprop='name'>M\u00e9lanie Buffe<\/span><\/span><span class='av-structured-data'  itemprop=\"datePublished\" datetime=\"2019-10-22T11:30:44+02:00\" >2020-09-01 10:39:42<\/span><span class='av-structured-data'  itemprop=\"dateModified\" itemtype=\"https:\/\/schema.org\/dateModified\" >2020-09-01 14:21:03<\/span><span class='av-structured-data'  itemprop=\"mainEntityOfPage\" itemtype=\"https:\/\/schema.org\/mainEntityOfPage\" ><span itemprop='name'>Ferp\u00e8cle and Mont Min\u00e9: a walk to the foot of the glaciers in Val d&#8217;H\u00e9rens<\/span><\/span><\/span><\/article><\/div><div class=\"slide-entry-wrap\"><article class='slide-entry flex_column  post-entry post-entry-4433 slide-entry-overview slide-loop-7 slide-parity-odd  av_fullwidth first real-thumbnail posttype-post post-format-standard'  itemscope=\"itemscope\" itemtype=\"https:\/\/schema.org\/CreativeWork\" ><a href='https:\/\/www.dixence-resort.ch\/en\/linalpe-a-major-traditional-festival\/' data-rel='slide-1' class='slide-image' title='Inalpe: A Major Traditional Festival'><img decoding=\"async\" fetchpriority=\"high\" width=\"1030\" height=\"682\" src=\"https:\/\/www.dixence-resort.ch\/wp-content\/uploads\/2020\/06\/mise_en_avant-Copie-1030x682.jpg\" class=\"wp-image-4469 avia-img-lazy-loading-not-4469 attachment-large size-large wp-post-image\" alt=\"\" srcset=\"https:\/\/www.dixence-resort.ch\/wp-content\/uploads\/2020\/06\/mise_en_avant-Copie-1030x682.jpg 1030w, https:\/\/www.dixence-resort.ch\/wp-content\/uploads\/2020\/06\/mise_en_avant-Copie-300x199.jpg 300w, https:\/\/www.dixence-resort.ch\/wp-content\/uploads\/2020\/06\/mise_en_avant-Copie-768x508.jpg 768w, https:\/\/www.dixence-resort.ch\/wp-content\/uploads\/2020\/06\/mise_en_avant-Copie-1536x1017.jpg 1536w, https:\/\/www.dixence-resort.ch\/wp-content\/uploads\/2020\/06\/mise_en_avant-Copie-2048x1356.jpg 2048w, https:\/\/www.dixence-resort.ch\/wp-content\/uploads\/2020\/06\/mise_en_avant-Copie-1500x993.jpg 1500w, https:\/\/www.dixence-resort.ch\/wp-content\/uploads\/2020\/06\/mise_en_avant-Copie-705x467.jpg 705w\" sizes=\"(max-width: 1030px) 100vw, 1030px\" \/><\/a><div class=\"slide-content\"><header class=\"entry-content-header\" aria-label=\"Slide: Inalpe: A Major Traditional Festival\"><h3 class='slide-entry-title entry-title '  itemprop=\"headline\" ><a href='https:\/\/www.dixence-resort.ch\/en\/linalpe-a-major-traditional-festival\/' title='Inalpe: A Major Traditional Festival'>Inalpe: A Major Traditional Festival<\/a><\/h3><span class=\"blog-categories minor-meta\"><a href=\"https:\/\/www.dixence-resort.ch\/en\/actualites\/leisure-activities\/\" rel=\"tag\">Leisure activities<\/a>, <a href=\"https:\/\/www.dixence-resort.ch\/en\/actualites\/tradition-en\/\" rel=\"tag\">Tradition<\/a> <\/span><span class=\"av-vertical-delimiter\"><\/span><\/header><div class='slide-entry-excerpt entry-content'  itemprop=\"text\" >The inalpe festival at Combyre is set to take place on Saturday 27 June. Take the opportunity to visit the Val d'H\u00e9rens in Valais!<div class=\"read-more-link\"><a href=\"https:\/\/www.dixence-resort.ch\/en\/linalpe-a-major-traditional-festival\/\" class=\"more-link\">Read more<span class='more-link-arrow avia-svg-icon avia-font-svg_entypo-fontello' data-av_svg_icon='right-open-big' data-av_iconset='svg_entypo-fontello'><svg version=\"1.1\" xmlns=\"http:\/\/www.w3.org\/2000\/svg\" width=\"15\" height=\"32\" viewBox=\"0 0 15 32\" preserveAspectRatio=\"xMidYMid meet\" role=\"graphics-symbol\" aria-hidden=\"true\">\n<path d=\"M0.416 27.84l11.456-11.84-11.456-11.904q-0.832-0.832 0-1.536 0.832-0.832 1.536 0l12.544 12.608q0.768 0.832 0 1.6l-12.544 12.608q-0.704 0.832-1.536 0-0.832-0.704 0-1.536z\"><\/path>\n<\/svg><\/span><\/a><\/div><\/div><\/div><footer class=\"entry-footer\"><div class=\"slide-meta\"><time class='slide-meta-time updated'  itemprop=\"datePublished\" datetime=\"2020-06-25T11:16:18+02:00\" >25 June 2020<\/time><\/div><\/footer><span class='hidden'>\n\t\t\t\t<span class='av-structured-data'  itemprop=\"image\" itemscope=\"itemscope\" itemtype=\"https:\/\/schema.org\/ImageObject\" >\n\t\t\t\t\t\t<span itemprop='url'>https:\/\/www.dixence-resort.ch\/wp-content\/uploads\/2020\/06\/mise_en_avant-Copie.jpg<\/span>\n\t\t\t\t\t\t<span itemprop='height'>1695<\/span>\n\t\t\t\t\t\t<span itemprop='width'>2560<\/span>\n\t\t\t\t<\/span>\n\t\t\t\t<span class='av-structured-data'  itemprop=\"publisher\" itemtype=\"https:\/\/schema.org\/Organization\" itemscope=\"itemscope\" >\n\t\t\t\t\t\t<span itemprop='name'>M\u00e9lanie Buffe<\/span>\n\t\t\t\t\t\t<span itemprop='logo' itemscope itemtype='https:\/\/schema.org\/ImageObject'>\n\t\t\t\t\t\t\t<span itemprop='url'>https:\/\/www.dixence-resort.ch\/wp-content\/uploads\/2019\/09\/logo-dixence-resort-4vallees.png<\/span>\n\t\t\t\t\t\t<\/span>\n\t\t\t\t<\/span><span class='av-structured-data'  itemprop=\"author\" itemscope=\"itemscope\" itemtype=\"https:\/\/schema.org\/Person\" ><span itemprop='name'>M\u00e9lanie Buffe<\/span><\/span><span class='av-structured-data'  itemprop=\"datePublished\" datetime=\"2019-10-22T11:30:44+02:00\" >2020-06-25 11:16:18<\/span><span class='av-structured-data'  itemprop=\"dateModified\" itemtype=\"https:\/\/schema.org\/dateModified\" >2020-06-25 11:16:18<\/span><span class='av-structured-data'  itemprop=\"mainEntityOfPage\" itemtype=\"https:\/\/schema.org\/mainEntityOfPage\" ><span itemprop='name'>Inalpe: A Major Traditional Festival<\/span><\/span><\/span><\/article><\/div><div class=\"slide-entry-wrap\"><article class='slide-entry flex_column  post-entry post-entry-4056 slide-entry-overview slide-loop-8 slide-parity-odd  av_fullwidth first real-thumbnail posttype-post post-format-standard'  itemscope=\"itemscope\" itemtype=\"https:\/\/schema.org\/CreativeWork\" ><a href='https:\/\/www.dixence-resort.ch\/en\/prospecting-drilling-for-thermal-water-combioula\/' data-rel='slide-1' class='slide-image' title='Prospecting drilling for thermal water \u2013 Combioula'><img decoding=\"async\" fetchpriority=\"high\" width=\"1030\" height=\"763\" src=\"https:\/\/www.dixence-resort.ch\/wp-content\/uploads\/2020\/05\/DSCN0581-1030x763.jpg\" class=\"wp-image-4019 avia-img-lazy-loading-not-4019 attachment-large size-large wp-post-image\" alt=\"Train de tiges dans le cadre du forage de prospection pour l\u2019eau thermale - Combioula\" srcset=\"https:\/\/www.dixence-resort.ch\/wp-content\/uploads\/2020\/05\/DSCN0581-1030x763.jpg 1030w, https:\/\/www.dixence-resort.ch\/wp-content\/uploads\/2020\/05\/DSCN0581-300x222.jpg 300w, https:\/\/www.dixence-resort.ch\/wp-content\/uploads\/2020\/05\/DSCN0581-768x569.jpg 768w, https:\/\/www.dixence-resort.ch\/wp-content\/uploads\/2020\/05\/DSCN0581-1536x1138.jpg 1536w, https:\/\/www.dixence-resort.ch\/wp-content\/uploads\/2020\/05\/DSCN0581-2048x1518.jpg 2048w, https:\/\/www.dixence-resort.ch\/wp-content\/uploads\/2020\/05\/DSCN0581-1500x1111.jpg 1500w, https:\/\/www.dixence-resort.ch\/wp-content\/uploads\/2020\/05\/DSCN0581-705x522.jpg 705w\" sizes=\"(max-width: 1030px) 100vw, 1030px\" \/><\/a><div class=\"slide-content\"><header class=\"entry-content-header\" aria-label=\"Slide: Prospecting drilling for thermal water \u2013 Combioula\"><h3 class='slide-entry-title entry-title '  itemprop=\"headline\" ><a href='https:\/\/www.dixence-resort.ch\/en\/prospecting-drilling-for-thermal-water-combioula\/' title='Prospecting drilling for thermal water \u2013 Combioula'>Prospecting drilling for thermal water \u2013 Combioula<\/a><\/h3><span class=\"blog-categories minor-meta\"><a href=\"https:\/\/www.dixence-resort.ch\/en\/actualites\/wellness\/\" rel=\"tag\">Wellness<\/a>, <a href=\"https:\/\/www.dixence-resort.ch\/en\/actualites\/works\/\" rel=\"tag\">Works<\/a> <\/span><span class=\"av-vertical-delimiter\"><\/span><\/header><div class='slide-entry-excerpt entry-content'  itemprop=\"text\" >As part of the construction of the Dixence Resort Thermal Centre, La Fonci\u00e8re de la Dixence SA has mandated BEG SA G\u00e9ologie & Environnement to monitor prospecting drilling intended to define the existing thermal water reservoir in Combioula<div class=\"read-more-link\"><a href=\"https:\/\/www.dixence-resort.ch\/en\/prospecting-drilling-for-thermal-water-combioula\/\" class=\"more-link\">Read more<span class='more-link-arrow avia-svg-icon avia-font-svg_entypo-fontello' data-av_svg_icon='right-open-big' data-av_iconset='svg_entypo-fontello'><svg version=\"1.1\" xmlns=\"http:\/\/www.w3.org\/2000\/svg\" width=\"15\" height=\"32\" viewBox=\"0 0 15 32\" preserveAspectRatio=\"xMidYMid meet\" role=\"graphics-symbol\" aria-hidden=\"true\">\n<path d=\"M0.416 27.84l11.456-11.84-11.456-11.904q-0.832-0.832 0-1.536 0.832-0.832 1.536 0l12.544 12.608q0.768 0.832 0 1.6l-12.544 12.608q-0.704 0.832-1.536 0-0.832-0.704 0-1.536z\"><\/path>\n<\/svg><\/span><\/a><\/div><\/div><\/div><footer class=\"entry-footer\"><div class=\"slide-meta\"><time class='slide-meta-time updated'  itemprop=\"datePublished\" datetime=\"2020-05-12T15:44:58+02:00\" >12 May 2020<\/time><\/div><\/footer><span class='hidden'>\n\t\t\t\t<span class='av-structured-data'  itemprop=\"image\" itemscope=\"itemscope\" itemtype=\"https:\/\/schema.org\/ImageObject\" >\n\t\t\t\t\t\t<span itemprop='url'>https:\/\/www.dixence-resort.ch\/wp-content\/uploads\/2020\/05\/DSCN0581.jpg<\/span>\n\t\t\t\t\t\t<span itemprop='height'>1897<\/span>\n\t\t\t\t\t\t<span itemprop='width'>2560<\/span>\n\t\t\t\t<\/span>\n\t\t\t\t<span class='av-structured-data'  itemprop=\"publisher\" itemtype=\"https:\/\/schema.org\/Organization\" itemscope=\"itemscope\" >\n\t\t\t\t\t\t<span itemprop='name'>Ga\u00eblle Perrier<\/span>\n\t\t\t\t\t\t<span itemprop='logo' itemscope itemtype='https:\/\/schema.org\/ImageObject'>\n\t\t\t\t\t\t\t<span itemprop='url'>https:\/\/www.dixence-resort.ch\/wp-content\/uploads\/2019\/09\/logo-dixence-resort-4vallees.png<\/span>\n\t\t\t\t\t\t<\/span>\n\t\t\t\t<\/span><span class='av-structured-data'  itemprop=\"author\" itemscope=\"itemscope\" itemtype=\"https:\/\/schema.org\/Person\" ><span itemprop='name'>Ga\u00eblle Perrier<\/span><\/span><span class='av-structured-data'  itemprop=\"datePublished\" datetime=\"2019-10-22T11:30:44+02:00\" >2020-05-12 15:44:58<\/span><span class='av-structured-data'  itemprop=\"dateModified\" itemtype=\"https:\/\/schema.org\/dateModified\" >2020-05-12 16:11:04<\/span><span class='av-structured-data'  itemprop=\"mainEntityOfPage\" itemtype=\"https:\/\/schema.org\/mainEntityOfPage\" ><span itemprop='name'>Prospecting drilling for thermal water \u2013 Combioula<\/span><\/span><\/span><\/article><\/div><div class=\"slide-entry-wrap\"><article class='slide-entry flex_column  post-entry post-entry-3329 slide-entry-overview slide-loop-9 slide-parity-odd  av_fullwidth first real-thumbnail posttype-post post-format-standard'  itemscope=\"itemscope\" itemtype=\"https:\/\/schema.org\/CreativeWork\" ><a href='https:\/\/www.dixence-resort.ch\/en\/installation-of-prefabricated-guestrooms\/' data-rel='slide-1' class='slide-image' title='The installation of prefabricated guestrooms'><img decoding=\"async\" fetchpriority=\"high\" width=\"1030\" height=\"554\" src=\"https:\/\/www.dixence-resort.ch\/wp-content\/uploads\/2020\/03\/Mise-en-avant_2-Copie-1030x554.jpg\" class=\"wp-image-3309 avia-img-lazy-loading-not-3309 attachment-large size-large wp-post-image\" alt=\"\" srcset=\"https:\/\/www.dixence-resort.ch\/wp-content\/uploads\/2020\/03\/Mise-en-avant_2-Copie-1030x554.jpg 1030w, https:\/\/www.dixence-resort.ch\/wp-content\/uploads\/2020\/03\/Mise-en-avant_2-Copie-300x161.jpg 300w, https:\/\/www.dixence-resort.ch\/wp-content\/uploads\/2020\/03\/Mise-en-avant_2-Copie-768x413.jpg 768w, https:\/\/www.dixence-resort.ch\/wp-content\/uploads\/2020\/03\/Mise-en-avant_2-Copie-1536x827.jpg 1536w, https:\/\/www.dixence-resort.ch\/wp-content\/uploads\/2020\/03\/Mise-en-avant_2-Copie-2048x1102.jpg 2048w, https:\/\/www.dixence-resort.ch\/wp-content\/uploads\/2020\/03\/Mise-en-avant_2-Copie-1500x807.jpg 1500w, https:\/\/www.dixence-resort.ch\/wp-content\/uploads\/2020\/03\/Mise-en-avant_2-Copie-705x379.jpg 705w\" sizes=\"(max-width: 1030px) 100vw, 1030px\" \/><\/a><div class=\"slide-content\"><header class=\"entry-content-header\" aria-label=\"Slide: The installation of prefabricated guestrooms\"><h3 class='slide-entry-title entry-title '  itemprop=\"headline\" ><a href='https:\/\/www.dixence-resort.ch\/en\/installation-of-prefabricated-guestrooms\/' title='The installation of prefabricated guestrooms'>The installation of prefabricated guestrooms<\/a><\/h3><span class=\"blog-categories minor-meta\"><a href=\"https:\/\/www.dixence-resort.ch\/en\/actualites\/works\/\" rel=\"tag\">Works<\/a> <\/span><span class=\"av-vertical-delimiter\"><\/span><\/header><div class='slide-entry-excerpt entry-content'  itemprop=\"text\" >Work report for Dixence Resort project: installation of prefabricated timber hotel rooms<div class=\"read-more-link\"><a href=\"https:\/\/www.dixence-resort.ch\/en\/installation-of-prefabricated-guestrooms\/\" class=\"more-link\">Read more<span class='more-link-arrow avia-svg-icon avia-font-svg_entypo-fontello' data-av_svg_icon='right-open-big' data-av_iconset='svg_entypo-fontello'><svg version=\"1.1\" xmlns=\"http:\/\/www.w3.org\/2000\/svg\" width=\"15\" height=\"32\" viewBox=\"0 0 15 32\" preserveAspectRatio=\"xMidYMid meet\" role=\"graphics-symbol\" aria-hidden=\"true\">\n<path d=\"M0.416 27.84l11.456-11.84-11.456-11.904q-0.832-0.832 0-1.536 0.832-0.832 1.536 0l12.544 12.608q0.768 0.832 0 1.6l-12.544 12.608q-0.704 0.832-1.536 0-0.832-0.704 0-1.536z\"><\/path>\n<\/svg><\/span><\/a><\/div><\/div><\/div><footer class=\"entry-footer\"><div class=\"slide-meta\"><time class='slide-meta-time updated'  itemprop=\"datePublished\" datetime=\"2020-03-19T02:15:11+01:00\" >19 March 2020<\/time><\/div><\/footer><span class='hidden'>\n\t\t\t\t<span class='av-structured-data'  itemprop=\"image\" itemscope=\"itemscope\" itemtype=\"https:\/\/schema.org\/ImageObject\" >\n\t\t\t\t\t\t<span itemprop='url'>https:\/\/www.dixence-resort.ch\/wp-content\/uploads\/2020\/03\/Mise-en-avant_2-Copie.jpg<\/span>\n\t\t\t\t\t\t<span itemprop='height'>1378<\/span>\n\t\t\t\t\t\t<span itemprop='width'>2560<\/span>\n\t\t\t\t<\/span>\n\t\t\t\t<span class='av-structured-data'  itemprop=\"publisher\" itemtype=\"https:\/\/schema.org\/Organization\" itemscope=\"itemscope\" >\n\t\t\t\t\t\t<span itemprop='name'>Ga\u00eblle Perrier<\/span>\n\t\t\t\t\t\t<span itemprop='logo' itemscope itemtype='https:\/\/schema.org\/ImageObject'>\n\t\t\t\t\t\t\t<span itemprop='url'>https:\/\/www.dixence-resort.ch\/wp-content\/uploads\/2019\/09\/logo-dixence-resort-4vallees.png<\/span>\n\t\t\t\t\t\t<\/span>\n\t\t\t\t<\/span><span class='av-structured-data'  itemprop=\"author\" itemscope=\"itemscope\" itemtype=\"https:\/\/schema.org\/Person\" ><span itemprop='name'>Ga\u00eblle Perrier<\/span><\/span><span class='av-structured-data'  itemprop=\"datePublished\" datetime=\"2019-10-22T11:30:44+02:00\" >2020-03-19 02:15:11<\/span><span class='av-structured-data'  itemprop=\"dateModified\" itemtype=\"https:\/\/schema.org\/dateModified\" >2020-03-20 17:11:42<\/span><span class='av-structured-data'  itemprop=\"mainEntityOfPage\" itemtype=\"https:\/\/schema.org\/mainEntityOfPage\" ><span itemprop='name'>The installation of prefabricated guestrooms<\/span><\/span><\/span><\/article><\/div><div class=\"slide-entry-wrap\"><article class='slide-entry flex_column  post-entry post-entry-2913 slide-entry-overview slide-loop-10 slide-parity-odd  av_fullwidth first real-thumbnail posttype-post post-format-standard'  itemscope=\"itemscope\" itemtype=\"https:\/\/schema.org\/CreativeWork\" ><a href='https:\/\/www.dixence-resort.ch\/en\/thyon-world-capital-of-telemark\/' data-rel='slide-1' class='slide-image' title='Thyon, World Capital of Telemark'><img decoding=\"async\" fetchpriority=\"high\" width=\"1030\" height=\"687\" src=\"https:\/\/www.dixence-resort.ch\/wp-content\/uploads\/2020\/02\/Photo-3-1030x687.jpg\" class=\"wp-image-2900 avia-img-lazy-loading-not-2900 attachment-large size-large wp-post-image\" alt=\"Thyon, capitale mondiale du t\u00e9l\u00e9mark | Dixence Resort\" srcset=\"https:\/\/www.dixence-resort.ch\/wp-content\/uploads\/2020\/02\/Photo-3-1030x687.jpg 1030w, https:\/\/www.dixence-resort.ch\/wp-content\/uploads\/2020\/02\/Photo-3-300x200.jpg 300w, https:\/\/www.dixence-resort.ch\/wp-content\/uploads\/2020\/02\/Photo-3-768x512.jpg 768w, https:\/\/www.dixence-resort.ch\/wp-content\/uploads\/2020\/02\/Photo-3-705x470.jpg 705w, https:\/\/www.dixence-resort.ch\/wp-content\/uploads\/2020\/02\/Photo-3.jpg 1200w\" sizes=\"(max-width: 1030px) 100vw, 1030px\" \/><\/a><div class=\"slide-content\"><header class=\"entry-content-header\" aria-label=\"Slide: Thyon, World Capital of Telemark\"><h3 class='slide-entry-title entry-title '  itemprop=\"headline\" ><a href='https:\/\/www.dixence-resort.ch\/en\/thyon-world-capital-of-telemark\/' title='Thyon, World Capital of Telemark'>Thyon, World Capital of Telemark<\/a><\/h3><span class=\"blog-categories minor-meta\"><a href=\"https:\/\/www.dixence-resort.ch\/en\/actualites\/leisure-activities\/\" rel=\"tag\">Leisure activities<\/a> <\/span><span class=\"av-vertical-delimiter\"><\/span><\/header><div class='slide-entry-excerpt entry-content'  itemprop=\"text\" >Thyon will once again host the Telemark World Cup finals this winter. The event will be held from 19 to 21 March 2020 and more than 70 athletes from all over the world are expected in the Val d\u2019H\u00e9rens for these 3 days of high-level competition.<div class=\"read-more-link\"><a href=\"https:\/\/www.dixence-resort.ch\/en\/thyon-world-capital-of-telemark\/\" class=\"more-link\">Read more<span class='more-link-arrow avia-svg-icon avia-font-svg_entypo-fontello' data-av_svg_icon='right-open-big' data-av_iconset='svg_entypo-fontello'><svg version=\"1.1\" xmlns=\"http:\/\/www.w3.org\/2000\/svg\" width=\"15\" height=\"32\" viewBox=\"0 0 15 32\" preserveAspectRatio=\"xMidYMid meet\" role=\"graphics-symbol\" aria-hidden=\"true\">\n<path d=\"M0.416 27.84l11.456-11.84-11.456-11.904q-0.832-0.832 0-1.536 0.832-0.832 1.536 0l12.544 12.608q0.768 0.832 0 1.6l-12.544 12.608q-0.704 0.832-1.536 0-0.832-0.704 0-1.536z\"><\/path>\n<\/svg><\/span><\/a><\/div><\/div><\/div><footer class=\"entry-footer\"><div class=\"slide-meta\"><time class='slide-meta-time updated'  itemprop=\"datePublished\" datetime=\"2020-02-14T17:32:46+01:00\" >14 February 2020<\/time><\/div><\/footer><span class='hidden'>\n\t\t\t\t<span class='av-structured-data'  itemprop=\"image\" itemscope=\"itemscope\" itemtype=\"https:\/\/schema.org\/ImageObject\" >\n\t\t\t\t\t\t<span itemprop='url'>https:\/\/www.dixence-resort.ch\/wp-content\/uploads\/2020\/02\/Photo-3.jpg<\/span>\n\t\t\t\t\t\t<span itemprop='height'>800<\/span>\n\t\t\t\t\t\t<span itemprop='width'>1200<\/span>\n\t\t\t\t<\/span>\n\t\t\t\t<span class='av-structured-data'  itemprop=\"publisher\" itemtype=\"https:\/\/schema.org\/Organization\" itemscope=\"itemscope\" >\n\t\t\t\t\t\t<span itemprop='name'>M\u00e9lanie Buffe<\/span>\n\t\t\t\t\t\t<span itemprop='logo' itemscope itemtype='https:\/\/schema.org\/ImageObject'>\n\t\t\t\t\t\t\t<span itemprop='url'>https:\/\/www.dixence-resort.ch\/wp-content\/uploads\/2019\/09\/logo-dixence-resort-4vallees.png<\/span>\n\t\t\t\t\t\t<\/span>\n\t\t\t\t<\/span><span class='av-structured-data'  itemprop=\"author\" itemscope=\"itemscope\" itemtype=\"https:\/\/schema.org\/Person\" ><span itemprop='name'>M\u00e9lanie Buffe<\/span><\/span><span class='av-structured-data'  itemprop=\"datePublished\" datetime=\"2019-10-22T11:30:44+02:00\" >2020-02-14 17:32:46<\/span><span class='av-structured-data'  itemprop=\"dateModified\" itemtype=\"https:\/\/schema.org\/dateModified\" >2020-05-18 12:16:42<\/span><span class='av-structured-data'  itemprop=\"mainEntityOfPage\" itemtype=\"https:\/\/schema.org\/mainEntityOfPage\" ><span itemprop='name'>Thyon, World Capital of Telemark<\/span><\/span><\/span><\/article><\/div><div class=\"slide-entry-wrap\"><article class='slide-entry flex_column  post-entry post-entry-2648 slide-entry-overview slide-loop-11 slide-parity-odd  av_fullwidth first real-thumbnail posttype-post post-format-standard'  itemscope=\"itemscope\" itemtype=\"https:\/\/schema.org\/CreativeWork\" ><a href='https:\/\/www.dixence-resort.ch\/en\/thyon-st-patrick-day\/' data-rel='slide-1' class='slide-image' title='Thyon St Patrick\u2019s Day'><img decoding=\"async\" fetchpriority=\"high\" width=\"1030\" height=\"686\" src=\"https:\/\/www.dixence-resort.ch\/wp-content\/uploads\/2020\/01\/St.-Patricks-Day-Party-Thyon-2019-81-1030x686.jpg\" class=\"wp-image-2681 avia-img-lazy-loading-not-2681 attachment-large size-large wp-post-image\" alt=\"\" srcset=\"https:\/\/www.dixence-resort.ch\/wp-content\/uploads\/2020\/01\/St.-Patricks-Day-Party-Thyon-2019-81-1030x686.jpg 1030w, https:\/\/www.dixence-resort.ch\/wp-content\/uploads\/2020\/01\/St.-Patricks-Day-Party-Thyon-2019-81-300x200.jpg 300w, https:\/\/www.dixence-resort.ch\/wp-content\/uploads\/2020\/01\/St.-Patricks-Day-Party-Thyon-2019-81-768x511.jpg 768w, https:\/\/www.dixence-resort.ch\/wp-content\/uploads\/2020\/01\/St.-Patricks-Day-Party-Thyon-2019-81-1536x1022.jpg 1536w, https:\/\/www.dixence-resort.ch\/wp-content\/uploads\/2020\/01\/St.-Patricks-Day-Party-Thyon-2019-81-2048x1363.jpg 2048w, https:\/\/www.dixence-resort.ch\/wp-content\/uploads\/2020\/01\/St.-Patricks-Day-Party-Thyon-2019-81-1500x998.jpg 1500w, https:\/\/www.dixence-resort.ch\/wp-content\/uploads\/2020\/01\/St.-Patricks-Day-Party-Thyon-2019-81-705x469.jpg 705w\" sizes=\"(max-width: 1030px) 100vw, 1030px\" \/><\/a><div class=\"slide-content\"><header class=\"entry-content-header\" aria-label=\"Slide: Thyon St Patrick\u2019s Day\"><h3 class='slide-entry-title entry-title '  itemprop=\"headline\" ><a href='https:\/\/www.dixence-resort.ch\/en\/thyon-st-patrick-day\/' title='Thyon St Patrick\u2019s Day'>Thyon St Patrick\u2019s Day<\/a><\/h3><span class=\"blog-categories minor-meta\"><a href=\"https:\/\/www.dixence-resort.ch\/en\/actualites\/events\/\" rel=\"tag\">Events<\/a> <\/span><span class=\"av-vertical-delimiter\"><\/span><\/header><div class='slide-entry-excerpt entry-content'  itemprop=\"text\" >Celebrate St Patrick\u2019s Day on Saturday 14 March 2020 at the Thyon 4 Vall\u00e9es! Be met with friendliness coupled with a warm and festive atmosphere along with folk, rock and Celtic punk music.<div class=\"read-more-link\"><a href=\"https:\/\/www.dixence-resort.ch\/en\/thyon-st-patrick-day\/\" class=\"more-link\">Read more<span class='more-link-arrow avia-svg-icon avia-font-svg_entypo-fontello' data-av_svg_icon='right-open-big' data-av_iconset='svg_entypo-fontello'><svg version=\"1.1\" xmlns=\"http:\/\/www.w3.org\/2000\/svg\" width=\"15\" height=\"32\" viewBox=\"0 0 15 32\" preserveAspectRatio=\"xMidYMid meet\" role=\"graphics-symbol\" aria-hidden=\"true\">\n<path d=\"M0.416 27.84l11.456-11.84-11.456-11.904q-0.832-0.832 0-1.536 0.832-0.832 1.536 0l12.544 12.608q0.768 0.832 0 1.6l-12.544 12.608q-0.704 0.832-1.536 0-0.832-0.704 0-1.536z\"><\/path>\n<\/svg><\/span><\/a><\/div><\/div><\/div><footer class=\"entry-footer\"><div class=\"slide-meta\"><time class='slide-meta-time updated'  itemprop=\"datePublished\" datetime=\"2020-01-30T08:07:25+01:00\" >30 January 2020<\/time><\/div><\/footer><span class='hidden'>\n\t\t\t\t<span class='av-structured-data'  itemprop=\"image\" itemscope=\"itemscope\" itemtype=\"https:\/\/schema.org\/ImageObject\" >\n\t\t\t\t\t\t<span itemprop='url'>https:\/\/www.dixence-resort.ch\/wp-content\/uploads\/2020\/01\/St.-Patricks-Day-Party-Thyon-2019-81-scaled.jpg<\/span>\n\t\t\t\t\t\t<span itemprop='height'>1704<\/span>\n\t\t\t\t\t\t<span itemprop='width'>2560<\/span>\n\t\t\t\t<\/span>\n\t\t\t\t<span class='av-structured-data'  itemprop=\"publisher\" itemtype=\"https:\/\/schema.org\/Organization\" itemscope=\"itemscope\" >\n\t\t\t\t\t\t<span itemprop='name'>M\u00e9lanie Buffe<\/span>\n\t\t\t\t\t\t<span itemprop='logo' itemscope itemtype='https:\/\/schema.org\/ImageObject'>\n\t\t\t\t\t\t\t<span itemprop='url'>https:\/\/www.dixence-resort.ch\/wp-content\/uploads\/2019\/09\/logo-dixence-resort-4vallees.png<\/span>\n\t\t\t\t\t\t<\/span>\n\t\t\t\t<\/span><span class='av-structured-data'  itemprop=\"author\" itemscope=\"itemscope\" itemtype=\"https:\/\/schema.org\/Person\" ><span itemprop='name'>M\u00e9lanie Buffe<\/span><\/span><span class='av-structured-data'  itemprop=\"datePublished\" datetime=\"2019-10-22T11:30:44+02:00\" >2020-01-30 08:07:25<\/span><span class='av-structured-data'  itemprop=\"dateModified\" itemtype=\"https:\/\/schema.org\/dateModified\" >2020-03-11 05:57:58<\/span><span class='av-structured-data'  itemprop=\"mainEntityOfPage\" itemtype=\"https:\/\/schema.org\/mainEntityOfPage\" ><span itemprop='name'>Thyon St Patrick\u2019s Day<\/span><\/span><\/span><\/article><\/div><div class=\"slide-entry-wrap\"><article class='slide-entry flex_column  post-entry post-entry-1937 slide-entry-overview slide-loop-12 slide-parity-odd  av_fullwidth first real-thumbnail posttype-post post-format-standard'  itemscope=\"itemscope\" itemtype=\"https:\/\/schema.org\/CreativeWork\" ><a href='https:\/\/www.dixence-resort.ch\/en\/works-2019\/' data-rel='slide-1' class='slide-image' title='Works 2019'><img decoding=\"async\" fetchpriority=\"high\" width=\"1030\" height=\"687\" src=\"https:\/\/www.dixence-resort.ch\/wp-content\/uploads\/2019\/12\/DSC_5921-1030x687.jpg\" class=\"wp-image-1785 avia-img-lazy-loading-not-1785 attachment-large size-large wp-post-image\" alt=\"Vue sur les montagnes valaisannes depuis H\u00e9r\u00e9mence | Complexe h\u00f4telier et r\u00e9sidence Dixence Resort\" srcset=\"https:\/\/www.dixence-resort.ch\/wp-content\/uploads\/2019\/12\/DSC_5921-1030x687.jpg 1030w, https:\/\/www.dixence-resort.ch\/wp-content\/uploads\/2019\/12\/DSC_5921-300x200.jpg 300w, https:\/\/www.dixence-resort.ch\/wp-content\/uploads\/2019\/12\/DSC_5921-768x512.jpg 768w, https:\/\/www.dixence-resort.ch\/wp-content\/uploads\/2019\/12\/DSC_5921-1536x1024.jpg 1536w, https:\/\/www.dixence-resort.ch\/wp-content\/uploads\/2019\/12\/DSC_5921-2048x1365.jpg 2048w, https:\/\/www.dixence-resort.ch\/wp-content\/uploads\/2019\/12\/DSC_5921-1500x1000.jpg 1500w, https:\/\/www.dixence-resort.ch\/wp-content\/uploads\/2019\/12\/DSC_5921-705x470.jpg 705w\" sizes=\"(max-width: 1030px) 100vw, 1030px\" \/><\/a><div class=\"slide-content\"><header class=\"entry-content-header\" aria-label=\"Slide: Works 2019\"><h3 class='slide-entry-title entry-title '  itemprop=\"headline\" ><a href='https:\/\/www.dixence-resort.ch\/en\/works-2019\/' title='Works 2019'>Works 2019<\/a><\/h3><span class=\"blog-categories minor-meta\"><a href=\"https:\/\/www.dixence-resort.ch\/en\/actualites\/works\/\" rel=\"tag\">Works<\/a> <\/span><span class=\"av-vertical-delimiter\"><\/span><\/header><div class='slide-entry-excerpt entry-content'  itemprop=\"text\" >We have now completed the first two apartment buildings : Aiguilles Rouges & T\u00eate Blanche, which is an achievement in itself, and establishes the architecture of the complex, allowing one to imagine the sense of place that will be created by the whole.<div class=\"read-more-link\"><a href=\"https:\/\/www.dixence-resort.ch\/en\/works-2019\/\" class=\"more-link\">Read more<span class='more-link-arrow avia-svg-icon avia-font-svg_entypo-fontello' data-av_svg_icon='right-open-big' data-av_iconset='svg_entypo-fontello'><svg version=\"1.1\" xmlns=\"http:\/\/www.w3.org\/2000\/svg\" width=\"15\" height=\"32\" viewBox=\"0 0 15 32\" preserveAspectRatio=\"xMidYMid meet\" role=\"graphics-symbol\" aria-hidden=\"true\">\n<path d=\"M0.416 27.84l11.456-11.84-11.456-11.904q-0.832-0.832 0-1.536 0.832-0.832 1.536 0l12.544 12.608q0.768 0.832 0 1.6l-12.544 12.608q-0.704 0.832-1.536 0-0.832-0.704 0-1.536z\"><\/path>\n<\/svg><\/span><\/a><\/div><\/div><\/div><footer class=\"entry-footer\"><div class=\"slide-meta\"><time class='slide-meta-time updated'  itemprop=\"datePublished\" datetime=\"2019-12-18T15:45:44+01:00\" >18 December 2019<\/time><\/div><\/footer><span class='hidden'>\n\t\t\t\t<span class='av-structured-data'  itemprop=\"image\" itemscope=\"itemscope\" itemtype=\"https:\/\/schema.org\/ImageObject\" >\n\t\t\t\t\t\t<span itemprop='url'>https:\/\/www.dixence-resort.ch\/wp-content\/uploads\/2019\/12\/DSC_5921.jpg<\/span>\n\t\t\t\t\t\t<span itemprop='height'>1707<\/span>\n\t\t\t\t\t\t<span itemprop='width'>2560<\/span>\n\t\t\t\t<\/span>\n\t\t\t\t<span class='av-structured-data'  itemprop=\"publisher\" itemtype=\"https:\/\/schema.org\/Organization\" itemscope=\"itemscope\" >\n\t\t\t\t\t\t<span itemprop='name'>Ga\u00eblle Perrier<\/span>\n\t\t\t\t\t\t<span itemprop='logo' itemscope itemtype='https:\/\/schema.org\/ImageObject'>\n\t\t\t\t\t\t\t<span itemprop='url'>https:\/\/www.dixence-resort.ch\/wp-content\/uploads\/2019\/09\/logo-dixence-resort-4vallees.png<\/span>\n\t\t\t\t\t\t<\/span>\n\t\t\t\t<\/span><span class='av-structured-data'  itemprop=\"author\" itemscope=\"itemscope\" itemtype=\"https:\/\/schema.org\/Person\" ><span itemprop='name'>Ga\u00eblle Perrier<\/span><\/span><span class='av-structured-data'  itemprop=\"datePublished\" datetime=\"2019-10-22T11:30:44+02:00\" >2019-12-18 15:45:44<\/span><span class='av-structured-data'  itemprop=\"dateModified\" itemtype=\"https:\/\/schema.org\/dateModified\" >2020-03-11 05:59:21<\/span><span class='av-structured-data'  itemprop=\"mainEntityOfPage\" itemtype=\"https:\/\/schema.org\/mainEntityOfPage\" ><span itemprop='name'>Works 2019<\/span><\/span><\/span><\/article><\/div><div class=\"slide-entry-wrap\"><article class='slide-entry flex_column  post-entry post-entry-1143 slide-entry-overview slide-loop-13 slide-parity-odd  av_fullwidth first real-thumbnail posttype-post post-format-standard'  itemscope=\"itemscope\" itemtype=\"https:\/\/schema.org\/CreativeWork\" ><a href='https:\/\/www.dixence-resort.ch\/en\/prefabricated-timber-hotel-rooms-modubois-sa\/' data-rel='slide-1' class='slide-image' title='Prefabricated timber hotel rooms &#8211; modubois sa'><img decoding=\"async\" fetchpriority=\"high\" width=\"1030\" height=\"617\" src=\"https:\/\/www.dixence-resort.ch\/wp-content\/uploads\/2019\/12\/Modubois_arri\u00e8re-plan-1-1030x617.jpg\" class=\"wp-image-1791 avia-img-lazy-loading-not-1791 attachment-large size-large wp-post-image\" alt=\"Chambres pr\u00e9fabriqu\u00e9es modubois SA | Complexe h\u00f4telier &amp; r\u00e9sidence Dixence Resort\" srcset=\"https:\/\/www.dixence-resort.ch\/wp-content\/uploads\/2019\/12\/Modubois_arri\u00e8re-plan-1-1030x617.jpg 1030w, https:\/\/www.dixence-resort.ch\/wp-content\/uploads\/2019\/12\/Modubois_arri\u00e8re-plan-1-300x180.jpg 300w, https:\/\/www.dixence-resort.ch\/wp-content\/uploads\/2019\/12\/Modubois_arri\u00e8re-plan-1-768x460.jpg 768w, https:\/\/www.dixence-resort.ch\/wp-content\/uploads\/2019\/12\/Modubois_arri\u00e8re-plan-1-1536x919.jpg 1536w, https:\/\/www.dixence-resort.ch\/wp-content\/uploads\/2019\/12\/Modubois_arri\u00e8re-plan-1-2048x1226.jpg 2048w, https:\/\/www.dixence-resort.ch\/wp-content\/uploads\/2019\/12\/Modubois_arri\u00e8re-plan-1-1500x898.jpg 1500w, https:\/\/www.dixence-resort.ch\/wp-content\/uploads\/2019\/12\/Modubois_arri\u00e8re-plan-1-705x422.jpg 705w\" sizes=\"(max-width: 1030px) 100vw, 1030px\" \/><\/a><div class=\"slide-content\"><header class=\"entry-content-header\" aria-label=\"Slide: Prefabricated timber hotel rooms - modubois sa\"><h3 class='slide-entry-title entry-title '  itemprop=\"headline\" ><a href='https:\/\/www.dixence-resort.ch\/en\/prefabricated-timber-hotel-rooms-modubois-sa\/' title='Prefabricated timber hotel rooms &#8211; modubois sa'>Prefabricated timber hotel rooms &#8211; modubois sa<\/a><\/h3><span class=\"blog-categories minor-meta\"><a href=\"https:\/\/www.dixence-resort.ch\/en\/actualites\/works\/\" rel=\"tag\">Works<\/a> <\/span><span class=\"av-vertical-delimiter\"><\/span><\/header><div class='slide-entry-excerpt entry-content'  itemprop=\"text\" >While construction works were going full tilt on site, the timber hotel bedrooms were under fabrication in a workshop, \u00a0and are now completely finished, bathrooms and all and ready to be lifted into place and \u201cplugged in\u201d in H\u00e9r\u00e9mence.<div class=\"read-more-link\"><a href=\"https:\/\/www.dixence-resort.ch\/en\/prefabricated-timber-hotel-rooms-modubois-sa\/\" class=\"more-link\">Read more<span class='more-link-arrow avia-svg-icon avia-font-svg_entypo-fontello' data-av_svg_icon='right-open-big' data-av_iconset='svg_entypo-fontello'><svg version=\"1.1\" xmlns=\"http:\/\/www.w3.org\/2000\/svg\" width=\"15\" height=\"32\" viewBox=\"0 0 15 32\" preserveAspectRatio=\"xMidYMid meet\" role=\"graphics-symbol\" aria-hidden=\"true\">\n<path d=\"M0.416 27.84l11.456-11.84-11.456-11.904q-0.832-0.832 0-1.536 0.832-0.832 1.536 0l12.544 12.608q0.768 0.832 0 1.6l-12.544 12.608q-0.704 0.832-1.536 0-0.832-0.704 0-1.536z\"><\/path>\n<\/svg><\/span><\/a><\/div><\/div><\/div><footer class=\"entry-footer\"><div class=\"slide-meta\"><time class='slide-meta-time updated'  itemprop=\"datePublished\" datetime=\"2019-12-18T15:44:43+01:00\" >18 December 2019<\/time><\/div><\/footer><span class='hidden'>\n\t\t\t\t<span class='av-structured-data'  itemprop=\"image\" itemscope=\"itemscope\" itemtype=\"https:\/\/schema.org\/ImageObject\" >\n\t\t\t\t\t\t<span itemprop='url'>https:\/\/www.dixence-resort.ch\/wp-content\/uploads\/2019\/12\/Modubois_arri\u00e8re-plan-1.jpg<\/span>\n\t\t\t\t\t\t<span itemprop='height'>1532<\/span>\n\t\t\t\t\t\t<span itemprop='width'>2560<\/span>\n\t\t\t\t<\/span>\n\t\t\t\t<span class='av-structured-data'  itemprop=\"publisher\" itemtype=\"https:\/\/schema.org\/Organization\" itemscope=\"itemscope\" >\n\t\t\t\t\t\t<span itemprop='name'>dellarocreative<\/span>\n\t\t\t\t\t\t<span itemprop='logo' itemscope itemtype='https:\/\/schema.org\/ImageObject'>\n\t\t\t\t\t\t\t<span itemprop='url'>https:\/\/www.dixence-resort.ch\/wp-content\/uploads\/2019\/09\/logo-dixence-resort-4vallees.png<\/span>\n\t\t\t\t\t\t<\/span>\n\t\t\t\t<\/span><span class='av-structured-data'  itemprop=\"author\" itemscope=\"itemscope\" itemtype=\"https:\/\/schema.org\/Person\" ><span itemprop='name'>dellarocreative<\/span><\/span><span class='av-structured-data'  itemprop=\"datePublished\" datetime=\"2019-10-22T11:30:44+02:00\" >2019-12-18 15:44:43<\/span><span class='av-structured-data'  itemprop=\"dateModified\" itemtype=\"https:\/\/schema.org\/dateModified\" >2020-03-11 06:00:15<\/span><span class='av-structured-data'  itemprop=\"mainEntityOfPage\" itemtype=\"https:\/\/schema.org\/mainEntityOfPage\" ><span itemprop='name'>Prefabricated timber hotel rooms &#8211; modubois sa<\/span><\/span><\/span><\/article><\/div><div class=\"slide-entry-wrap\"><article class='slide-entry flex_column  post-entry post-entry-1987 slide-entry-overview slide-loop-14 slide-parity-odd  av_fullwidth first real-thumbnail posttype-post post-format-standard'  itemscope=\"itemscope\" itemtype=\"https:\/\/schema.org\/CreativeWork\" ><a href='https:\/\/www.dixence-resort.ch\/en\/progress-report\/' data-rel='slide-1' class='slide-image' title='Progress report'><img decoding=\"async\" fetchpriority=\"high\" width=\"1030\" height=\"552\" src=\"https:\/\/www.dixence-resort.ch\/wp-content\/uploads\/2019\/12\/Juin2018-1-1030x552.jpg\" class=\"wp-image-1799 avia-img-lazy-loading-not-1799 attachment-large size-large wp-post-image\" alt=\"Chantier 2018 projet Dixence Resort\" srcset=\"https:\/\/www.dixence-resort.ch\/wp-content\/uploads\/2019\/12\/Juin2018-1-1030x552.jpg 1030w, https:\/\/www.dixence-resort.ch\/wp-content\/uploads\/2019\/12\/Juin2018-1-300x161.jpg 300w, https:\/\/www.dixence-resort.ch\/wp-content\/uploads\/2019\/12\/Juin2018-1-768x412.jpg 768w, https:\/\/www.dixence-resort.ch\/wp-content\/uploads\/2019\/12\/Juin2018-1-1536x824.jpg 1536w, https:\/\/www.dixence-resort.ch\/wp-content\/uploads\/2019\/12\/Juin2018-1-2048x1098.jpg 2048w, https:\/\/www.dixence-resort.ch\/wp-content\/uploads\/2019\/12\/Juin2018-1-1500x805.jpg 1500w, https:\/\/www.dixence-resort.ch\/wp-content\/uploads\/2019\/12\/Juin2018-1-705x378.jpg 705w\" sizes=\"(max-width: 1030px) 100vw, 1030px\" \/><\/a><div class=\"slide-content\"><header class=\"entry-content-header\" aria-label=\"Slide: Progress report\"><h3 class='slide-entry-title entry-title '  itemprop=\"headline\" ><a href='https:\/\/www.dixence-resort.ch\/en\/progress-report\/' title='Progress report'>Progress report<\/a><\/h3><span class=\"blog-categories minor-meta\"><a href=\"https:\/\/www.dixence-resort.ch\/en\/actualites\/uncategorized\/\" rel=\"tag\">Uncategorized<\/a>, <a href=\"https:\/\/www.dixence-resort.ch\/en\/actualites\/works\/\" rel=\"tag\">Works<\/a> <\/span><span class=\"av-vertical-delimiter\"><\/span><\/header><div class='slide-entry-excerpt entry-content'  itemprop=\"text\" >We broke ground at the end of 2016.\r\nLittle by little the excavation work started to change the form of the landscape, with \u00a0slopes and terraces creating the seat from which the thermal centre and hotel complex could evolve.<div class=\"read-more-link\"><a href=\"https:\/\/www.dixence-resort.ch\/en\/progress-report\/\" class=\"more-link\">Read more<span class='more-link-arrow avia-svg-icon avia-font-svg_entypo-fontello' data-av_svg_icon='right-open-big' data-av_iconset='svg_entypo-fontello'><svg version=\"1.1\" xmlns=\"http:\/\/www.w3.org\/2000\/svg\" width=\"15\" height=\"32\" viewBox=\"0 0 15 32\" preserveAspectRatio=\"xMidYMid meet\" role=\"graphics-symbol\" aria-hidden=\"true\">\n<path d=\"M0.416 27.84l11.456-11.84-11.456-11.904q-0.832-0.832 0-1.536 0.832-0.832 1.536 0l12.544 12.608q0.768 0.832 0 1.6l-12.544 12.608q-0.704 0.832-1.536 0-0.832-0.704 0-1.536z\"><\/path>\n<\/svg><\/span><\/a><\/div><\/div><\/div><footer class=\"entry-footer\"><div class=\"slide-meta\"><time class='slide-meta-time updated'  itemprop=\"datePublished\" datetime=\"2019-12-18T15:43:34+01:00\" >18 December 2019<\/time><\/div><\/footer><span class='hidden'>\n\t\t\t\t<span class='av-structured-data'  itemprop=\"image\" itemscope=\"itemscope\" itemtype=\"https:\/\/schema.org\/ImageObject\" >\n\t\t\t\t\t\t<span itemprop='url'>https:\/\/www.dixence-resort.ch\/wp-content\/uploads\/2019\/12\/Juin2018-1.jpg<\/span>\n\t\t\t\t\t\t<span itemprop='height'>1373<\/span>\n\t\t\t\t\t\t<span itemprop='width'>2560<\/span>\n\t\t\t\t<\/span>\n\t\t\t\t<span class='av-structured-data'  itemprop=\"publisher\" itemtype=\"https:\/\/schema.org\/Organization\" itemscope=\"itemscope\" >\n\t\t\t\t\t\t<span itemprop='name'>Ga\u00eblle Perrier<\/span>\n\t\t\t\t\t\t<span itemprop='logo' itemscope itemtype='https:\/\/schema.org\/ImageObject'>\n\t\t\t\t\t\t\t<span itemprop='url'>https:\/\/www.dixence-resort.ch\/wp-content\/uploads\/2019\/09\/logo-dixence-resort-4vallees.png<\/span>\n\t\t\t\t\t\t<\/span>\n\t\t\t\t<\/span><span class='av-structured-data'  itemprop=\"author\" itemscope=\"itemscope\" itemtype=\"https:\/\/schema.org\/Person\" ><span itemprop='name'>Ga\u00eblle Perrier<\/span><\/span><span class='av-structured-data'  itemprop=\"datePublished\" datetime=\"2019-10-22T11:30:44+02:00\" >2019-12-18 15:43:34<\/span><span class='av-structured-data'  itemprop=\"dateModified\" itemtype=\"https:\/\/schema.org\/dateModified\" >2020-03-11 06:01:02<\/span><span class='av-structured-data'  itemprop=\"mainEntityOfPage\" itemtype=\"https:\/\/schema.org\/mainEntityOfPage\" ><span itemprop='name'>Progress report<\/span><\/span><\/span><\/article><\/div><div class=\"slide-entry-wrap\"><article class='slide-entry flex_column  post-entry post-entry-1420 slide-entry-overview slide-loop-15 slide-parity-odd  av_fullwidth first real-thumbnail posttype-post post-format-standard'  itemscope=\"itemscope\" itemtype=\"https:\/\/schema.org\/CreativeWork\" ><a href='https:\/\/www.dixence-resort.ch\/en\/natasha-st-pier-in-concert-at-heremence\/' data-rel='slide-1' class='slide-image' title='Natasha St-Pier in concert at H\u00e9r\u00e9mence'><img decoding=\"async\" fetchpriority=\"high\" width=\"1030\" height=\"686\" src=\"https:\/\/www.dixence-resort.ch\/wp-content\/uploads\/2019\/09\/5DSR0555-HDR-1-1030x686.jpg\" class=\"wp-image-330 avia-img-lazy-loading-not-330 attachment-large size-large wp-post-image\" alt=\"Village d&#039;H\u00e9r\u00e9mence dans le Val d&#039;H\u00e9rens, Valais, Suisse | Dixence Resort\" srcset=\"https:\/\/www.dixence-resort.ch\/wp-content\/uploads\/2019\/09\/5DSR0555-HDR-1-1030x686.jpg 1030w, https:\/\/www.dixence-resort.ch\/wp-content\/uploads\/2019\/09\/5DSR0555-HDR-1-300x200.jpg 300w, https:\/\/www.dixence-resort.ch\/wp-content\/uploads\/2019\/09\/5DSR0555-HDR-1-768x512.jpg 768w, https:\/\/www.dixence-resort.ch\/wp-content\/uploads\/2019\/09\/5DSR0555-HDR-1-1500x1000.jpg 1500w, https:\/\/www.dixence-resort.ch\/wp-content\/uploads\/2019\/09\/5DSR0555-HDR-1-705x470.jpg 705w, https:\/\/www.dixence-resort.ch\/wp-content\/uploads\/2019\/09\/5DSR0555-HDR-1.jpg 2048w\" sizes=\"(max-width: 1030px) 100vw, 1030px\" \/><\/a><div class=\"slide-content\"><header class=\"entry-content-header\" aria-label=\"Slide: Natasha St-Pier in concert at H\u00e9r\u00e9mence\"><h3 class='slide-entry-title entry-title '  itemprop=\"headline\" ><a href='https:\/\/www.dixence-resort.ch\/en\/natasha-st-pier-in-concert-at-heremence\/' title='Natasha St-Pier in concert at H\u00e9r\u00e9mence'>Natasha St-Pier in concert at H\u00e9r\u00e9mence<\/a><\/h3><span class=\"blog-categories minor-meta\"><a href=\"https:\/\/www.dixence-resort.ch\/en\/actualites\/events\/\" rel=\"tag\">Events<\/a> <\/span><span class=\"av-vertical-delimiter\"><\/span><\/header><div class='slide-entry-excerpt entry-content'  itemprop=\"text\" >Join us for Natasha St-Pier live concert at H\u00e9r\u00e9mence church December 7, 2019: an exceptional architectural and acoustic setting awaits you<div class=\"read-more-link\"><a href=\"https:\/\/www.dixence-resort.ch\/en\/natasha-st-pier-in-concert-at-heremence\/\" class=\"more-link\">Read more<span class='more-link-arrow avia-svg-icon avia-font-svg_entypo-fontello' data-av_svg_icon='right-open-big' data-av_iconset='svg_entypo-fontello'><svg version=\"1.1\" xmlns=\"http:\/\/www.w3.org\/2000\/svg\" width=\"15\" height=\"32\" viewBox=\"0 0 15 32\" preserveAspectRatio=\"xMidYMid meet\" role=\"graphics-symbol\" aria-hidden=\"true\">\n<path d=\"M0.416 27.84l11.456-11.84-11.456-11.904q-0.832-0.832 0-1.536 0.832-0.832 1.536 0l12.544 12.608q0.768 0.832 0 1.6l-12.544 12.608q-0.704 0.832-1.536 0-0.832-0.704 0-1.536z\"><\/path>\n<\/svg><\/span><\/a><\/div><\/div><\/div><footer class=\"entry-footer\"><div class=\"slide-meta\"><time class='slide-meta-time updated'  itemprop=\"datePublished\" datetime=\"2019-11-29T15:14:44+01:00\" >29 November 2019<\/time><\/div><\/footer><span class='hidden'>\n\t\t\t\t<span class='av-structured-data'  itemprop=\"image\" itemscope=\"itemscope\" itemtype=\"https:\/\/schema.org\/ImageObject\" >\n\t\t\t\t\t\t<span itemprop='url'>https:\/\/www.dixence-resort.ch\/wp-content\/uploads\/2019\/09\/5DSR0555-HDR-1.jpg<\/span>\n\t\t\t\t\t\t<span itemprop='height'>1365<\/span>\n\t\t\t\t\t\t<span itemprop='width'>2048<\/span>\n\t\t\t\t<\/span>\n\t\t\t\t<span class='av-structured-data'  itemprop=\"publisher\" itemtype=\"https:\/\/schema.org\/Organization\" itemscope=\"itemscope\" >\n\t\t\t\t\t\t<span itemprop='name'>Ga\u00eblle Perrier<\/span>\n\t\t\t\t\t\t<span itemprop='logo' itemscope itemtype='https:\/\/schema.org\/ImageObject'>\n\t\t\t\t\t\t\t<span itemprop='url'>https:\/\/www.dixence-resort.ch\/wp-content\/uploads\/2019\/09\/logo-dixence-resort-4vallees.png<\/span>\n\t\t\t\t\t\t<\/span>\n\t\t\t\t<\/span><span class='av-structured-data'  itemprop=\"author\" itemscope=\"itemscope\" itemtype=\"https:\/\/schema.org\/Person\" ><span itemprop='name'>Ga\u00eblle Perrier<\/span><\/span><span class='av-structured-data'  itemprop=\"datePublished\" datetime=\"2019-10-22T11:30:44+02:00\" >2019-11-29 15:14:44<\/span><span class='av-structured-data'  itemprop=\"dateModified\" itemtype=\"https:\/\/schema.org\/dateModified\" >2020-03-11 06:01:57<\/span><span class='av-structured-data'  itemprop=\"mainEntityOfPage\" itemtype=\"https:\/\/schema.org\/mainEntityOfPage\" ><span itemprop='name'>Natasha St-Pier in concert at H\u00e9r\u00e9mence<\/span><\/span><\/span><\/article><\/div><div class=\"slide-entry-wrap\"><article class='slide-entry flex_column  post-entry post-entry-750 slide-entry-overview slide-loop-16 slide-parity-odd  av_fullwidth first real-thumbnail posttype-post post-format-standard'  itemscope=\"itemscope\" itemtype=\"https:\/\/schema.org\/CreativeWork\" ><a href='https:\/\/www.dixence-resort.ch\/en\/combioulaz-source\/' data-rel='slide-1' class='slide-image' title='Combioulaz Sources'><img decoding=\"async\" fetchpriority=\"high\" width=\"1030\" height=\"686\" src=\"https:\/\/www.dixence-resort.ch\/wp-content\/uploads\/2016\/09\/5DSR0889-1030x686.jpg\" class=\"wp-image-362 avia-img-lazy-loading-not-362 attachment-large size-large wp-post-image\" alt=\"Les Sources chaudes de Combioulaz en Valais, Suisse | Dixence Resort\" srcset=\"https:\/\/www.dixence-resort.ch\/wp-content\/uploads\/2016\/09\/5DSR0889-1030x686.jpg 1030w, https:\/\/www.dixence-resort.ch\/wp-content\/uploads\/2016\/09\/5DSR0889-300x200.jpg 300w, https:\/\/www.dixence-resort.ch\/wp-content\/uploads\/2016\/09\/5DSR0889-768x512.jpg 768w, https:\/\/www.dixence-resort.ch\/wp-content\/uploads\/2016\/09\/5DSR0889-705x470.jpg 705w, https:\/\/www.dixence-resort.ch\/wp-content\/uploads\/2016\/09\/5DSR0889.jpg 1280w\" sizes=\"(max-width: 1030px) 100vw, 1030px\" \/><\/a><div class=\"slide-content\"><header class=\"entry-content-header\" aria-label=\"Slide: Combioulaz Sources\"><h3 class='slide-entry-title entry-title '  itemprop=\"headline\" ><a href='https:\/\/www.dixence-resort.ch\/en\/combioulaz-source\/' title='Combioulaz Sources'>Combioulaz Sources<\/a><\/h3><span class=\"blog-categories minor-meta\"><a href=\"https:\/\/www.dixence-resort.ch\/en\/actualites\/excursions\/\" rel=\"tag\">Excursions<\/a>, <a href=\"https:\/\/www.dixence-resort.ch\/en\/actualites\/history\/\" rel=\"tag\">History<\/a>, <a href=\"https:\/\/www.dixence-resort.ch\/en\/actualites\/leisure-activities\/\" rel=\"tag\">Leisure activities<\/a>, <a href=\"https:\/\/www.dixence-resort.ch\/en\/actualites\/wellness\/\" rel=\"tag\">Wellness<\/a> <\/span><span class=\"av-vertical-delimiter\"><\/span><\/header><div class='slide-entry-excerpt entry-content'  itemprop=\"text\" >Visit Cambioulaz sources in Val d'H\u00e9rens: known for its healing and curative properties, the spring water is going to feed the thermal baths at Dixence Resort<div class=\"read-more-link\"><a href=\"https:\/\/www.dixence-resort.ch\/en\/combioulaz-source\/\" class=\"more-link\">Read more<span class='more-link-arrow avia-svg-icon avia-font-svg_entypo-fontello' data-av_svg_icon='right-open-big' data-av_iconset='svg_entypo-fontello'><svg version=\"1.1\" xmlns=\"http:\/\/www.w3.org\/2000\/svg\" width=\"15\" height=\"32\" viewBox=\"0 0 15 32\" preserveAspectRatio=\"xMidYMid meet\" role=\"graphics-symbol\" aria-hidden=\"true\">\n<path d=\"M0.416 27.84l11.456-11.84-11.456-11.904q-0.832-0.832 0-1.536 0.832-0.832 1.536 0l12.544 12.608q0.768 0.832 0 1.6l-12.544 12.608q-0.704 0.832-1.536 0-0.832-0.704 0-1.536z\"><\/path>\n<\/svg><\/span><\/a><\/div><\/div><\/div><footer class=\"entry-footer\"><div class=\"slide-meta\"><time class='slide-meta-time updated'  itemprop=\"datePublished\" datetime=\"2016-09-29T14:01:05+02:00\" >29 September 2016<\/time><\/div><\/footer><span class='hidden'>\n\t\t\t\t<span class='av-structured-data'  itemprop=\"image\" itemscope=\"itemscope\" itemtype=\"https:\/\/schema.org\/ImageObject\" >\n\t\t\t\t\t\t<span itemprop='url'>https:\/\/www.dixence-resort.ch\/wp-content\/uploads\/2016\/09\/5DSR0889.jpg<\/span>\n\t\t\t\t\t\t<span itemprop='height'>853<\/span>\n\t\t\t\t\t\t<span itemprop='width'>1280<\/span>\n\t\t\t\t<\/span>\n\t\t\t\t<span class='av-structured-data'  itemprop=\"publisher\" itemtype=\"https:\/\/schema.org\/Organization\" itemscope=\"itemscope\" >\n\t\t\t\t\t\t<span itemprop='name'>dellarocreative<\/span>\n\t\t\t\t\t\t<span itemprop='logo' itemscope itemtype='https:\/\/schema.org\/ImageObject'>\n\t\t\t\t\t\t\t<span itemprop='url'>https:\/\/www.dixence-resort.ch\/wp-content\/uploads\/2019\/09\/logo-dixence-resort-4vallees.png<\/span>\n\t\t\t\t\t\t<\/span>\n\t\t\t\t<\/span><span class='av-structured-data'  itemprop=\"author\" itemscope=\"itemscope\" itemtype=\"https:\/\/schema.org\/Person\" ><span itemprop='name'>dellarocreative<\/span><\/span><span class='av-structured-data'  itemprop=\"datePublished\" datetime=\"2019-10-22T11:30:44+02:00\" >2016-09-29 14:01:05<\/span><span class='av-structured-data'  itemprop=\"dateModified\" itemtype=\"https:\/\/schema.org\/dateModified\" >2020-03-11 06:03:40<\/span><span class='av-structured-data'  itemprop=\"mainEntityOfPage\" itemtype=\"https:\/\/schema.org\/mainEntityOfPage\" ><span itemprop='name'>Combioulaz Sources<\/span><\/span><\/span><\/article><\/div><div class=\"slide-entry-wrap\"><article class='slide-entry flex_column  post-entry post-entry-755 slide-entry-overview slide-loop-17 slide-parity-odd  av_fullwidth first real-thumbnail posttype-post post-format-standard'  itemscope=\"itemscope\" itemtype=\"https:\/\/schema.org\/CreativeWork\" ><a href='https:\/\/www.dixence-resort.ch\/en\/the-pools-of-essertse\/' data-rel='slide-1' class='slide-image' title='The pools of Essertse'><img decoding=\"async\" fetchpriority=\"high\" width=\"1024\" height=\"682\" src=\"https:\/\/www.dixence-resort.ch\/wp-content\/uploads\/2019\/09\/5DM30615-HDR-1024x682.jpg\" class=\"wp-image-364 avia-img-lazy-loading-not-364 attachment-large size-large wp-post-image\" alt=\"Les gouilles d&#039;Essertze, proches du complexe immobilier Dixence Resort en Valais, Suisse\" srcset=\"https:\/\/www.dixence-resort.ch\/wp-content\/uploads\/2019\/09\/5DM30615-HDR-1024x682.jpg 1024w, https:\/\/www.dixence-resort.ch\/wp-content\/uploads\/2019\/09\/5DM30615-HDR-1024x682-300x200.jpg 300w, https:\/\/www.dixence-resort.ch\/wp-content\/uploads\/2019\/09\/5DM30615-HDR-1024x682-768x512.jpg 768w, https:\/\/www.dixence-resort.ch\/wp-content\/uploads\/2019\/09\/5DM30615-HDR-1024x682-705x470.jpg 705w\" sizes=\"(max-width: 1024px) 100vw, 1024px\" \/><\/a><div class=\"slide-content\"><header class=\"entry-content-header\" aria-label=\"Slide: The pools of Essertse\"><h3 class='slide-entry-title entry-title '  itemprop=\"headline\" ><a href='https:\/\/www.dixence-resort.ch\/en\/the-pools-of-essertse\/' title='The pools of Essertse'>The pools of Essertse<\/a><\/h3><span class=\"blog-categories minor-meta\"><a href=\"https:\/\/www.dixence-resort.ch\/en\/actualites\/excursions\/\" rel=\"tag\">Excursions<\/a>, <a href=\"https:\/\/www.dixence-resort.ch\/en\/actualites\/hiking\/\" rel=\"tag\">Hiking<\/a>, <a href=\"https:\/\/www.dixence-resort.ch\/en\/actualites\/leisure-activities\/\" rel=\"tag\">Leisure activities<\/a> <\/span><span class=\"av-vertical-delimiter\"><\/span><\/header><div class='slide-entry-excerpt entry-content'  itemprop=\"text\" >Essertse is the name given to the high altitude plateau at over 2'300 m, situated at the foot of the peaks of the \u201cCr\u00eates de Thyon\u201d. This is a protected site that evolved over 13\u2019000 years ago, and houses some of the highest peat bogs and wetlands in Europe with a unique natural habitat of rare plant and animal species.<div class=\"read-more-link\"><a href=\"https:\/\/www.dixence-resort.ch\/en\/the-pools-of-essertse\/\" class=\"more-link\">Read more<span class='more-link-arrow avia-svg-icon avia-font-svg_entypo-fontello' data-av_svg_icon='right-open-big' data-av_iconset='svg_entypo-fontello'><svg version=\"1.1\" xmlns=\"http:\/\/www.w3.org\/2000\/svg\" width=\"15\" height=\"32\" viewBox=\"0 0 15 32\" preserveAspectRatio=\"xMidYMid meet\" role=\"graphics-symbol\" aria-hidden=\"true\">\n<path d=\"M0.416 27.84l11.456-11.84-11.456-11.904q-0.832-0.832 0-1.536 0.832-0.832 1.536 0l12.544 12.608q0.768 0.832 0 1.6l-12.544 12.608q-0.704 0.832-1.536 0-0.832-0.704 0-1.536z\"><\/path>\n<\/svg><\/span><\/a><\/div><\/div><\/div><footer class=\"entry-footer\"><div class=\"slide-meta\"><time class='slide-meta-time updated'  itemprop=\"datePublished\" datetime=\"2016-09-01T14:05:18+02:00\" >1 September 2016<\/time><\/div><\/footer><span class='hidden'>\n\t\t\t\t<span class='av-structured-data'  itemprop=\"image\" itemscope=\"itemscope\" itemtype=\"https:\/\/schema.org\/ImageObject\" >\n\t\t\t\t\t\t<span itemprop='url'>https:\/\/www.dixence-resort.ch\/wp-content\/uploads\/2019\/09\/5DM30615-HDR-1024x682.jpg<\/span>\n\t\t\t\t\t\t<span itemprop='height'>682<\/span>\n\t\t\t\t\t\t<span itemprop='width'>1024<\/span>\n\t\t\t\t<\/span>\n\t\t\t\t<span class='av-structured-data'  itemprop=\"publisher\" itemtype=\"https:\/\/schema.org\/Organization\" itemscope=\"itemscope\" >\n\t\t\t\t\t\t<span itemprop='name'>dellarocreative<\/span>\n\t\t\t\t\t\t<span itemprop='logo' itemscope itemtype='https:\/\/schema.org\/ImageObject'>\n\t\t\t\t\t\t\t<span itemprop='url'>https:\/\/www.dixence-resort.ch\/wp-content\/uploads\/2019\/09\/logo-dixence-resort-4vallees.png<\/span>\n\t\t\t\t\t\t<\/span>\n\t\t\t\t<\/span><span class='av-structured-data'  itemprop=\"author\" itemscope=\"itemscope\" itemtype=\"https:\/\/schema.org\/Person\" ><span itemprop='name'>dellarocreative<\/span><\/span><span class='av-structured-data'  itemprop=\"datePublished\" datetime=\"2019-10-22T11:30:44+02:00\" >2016-09-01 14:05:18<\/span><span class='av-structured-data'  itemprop=\"dateModified\" itemtype=\"https:\/\/schema.org\/dateModified\" >2020-03-11 06:04:27<\/span><span class='av-structured-data'  itemprop=\"mainEntityOfPage\" itemtype=\"https:\/\/schema.org\/mainEntityOfPage\" ><span itemprop='name'>The pools of Essertse<\/span><\/span><\/span><\/article><\/div><div class=\"slide-entry-wrap\"><article class='slide-entry flex_column  post-entry post-entry-769 slide-entry-overview slide-loop-18 slide-parity-odd  av_fullwidth first real-thumbnail posttype-post post-format-standard'  itemscope=\"itemscope\" itemtype=\"https:\/\/schema.org\/CreativeWork\" ><a href='https:\/\/www.dixence-resort.ch\/en\/lac-bleu\/' data-rel='slide-1' class='slide-image' title='Lac bleu'><img decoding=\"async\" fetchpriority=\"high\" width=\"1030\" height=\"686\" src=\"https:\/\/www.dixence-resort.ch\/wp-content\/uploads\/2019\/09\/5DSR0970-HDR-1030x686.jpg\" class=\"wp-image-375 avia-img-lazy-loading-not-375 attachment-large size-large wp-post-image\" alt=\"Lac Bleu D&#039;Arolla, proche du complexe de r\u00e9sidence Dixence Resort en Valais, Suisse\" srcset=\"https:\/\/www.dixence-resort.ch\/wp-content\/uploads\/2019\/09\/5DSR0970-HDR-1030x686.jpg 1030w, https:\/\/www.dixence-resort.ch\/wp-content\/uploads\/2019\/09\/5DSR0970-HDR-300x200.jpg 300w, https:\/\/www.dixence-resort.ch\/wp-content\/uploads\/2019\/09\/5DSR0970-HDR-768x512.jpg 768w, https:\/\/www.dixence-resort.ch\/wp-content\/uploads\/2019\/09\/5DSR0970-HDR-705x470.jpg 705w, https:\/\/www.dixence-resort.ch\/wp-content\/uploads\/2019\/09\/5DSR0970-HDR.jpg 1280w\" sizes=\"(max-width: 1030px) 100vw, 1030px\" \/><\/a><div class=\"slide-content\"><header class=\"entry-content-header\" aria-label=\"Slide: Lac bleu\"><h3 class='slide-entry-title entry-title '  itemprop=\"headline\" ><a href='https:\/\/www.dixence-resort.ch\/en\/lac-bleu\/' title='Lac bleu'>Lac bleu<\/a><\/h3><span class=\"blog-categories minor-meta\"><a href=\"https:\/\/www.dixence-resort.ch\/en\/actualites\/excursions\/\" rel=\"tag\">Excursions<\/a>, <a href=\"https:\/\/www.dixence-resort.ch\/en\/actualites\/hiking\/\" rel=\"tag\">Hiking<\/a> <\/span><span class=\"av-vertical-delimiter\"><\/span><\/header><div class='slide-entry-excerpt entry-content'  itemprop=\"text\" >There are many ways to reach Lac Bleu of Arolla (2090 m). The most popular is to start from\u00a0 La Gouille and walk through the larch forest to le Louch\u00e9. The most direct is to go straight up from Satarma. And the most buccolic is follow a path that contours around the mountain from Arolla . Whichever route you choose, you will be rewarded by a picture postcard view!<div class=\"read-more-link\"><a href=\"https:\/\/www.dixence-resort.ch\/en\/lac-bleu\/\" class=\"more-link\">Read more<span class='more-link-arrow avia-svg-icon avia-font-svg_entypo-fontello' data-av_svg_icon='right-open-big' data-av_iconset='svg_entypo-fontello'><svg version=\"1.1\" xmlns=\"http:\/\/www.w3.org\/2000\/svg\" width=\"15\" height=\"32\" viewBox=\"0 0 15 32\" preserveAspectRatio=\"xMidYMid meet\" role=\"graphics-symbol\" aria-hidden=\"true\">\n<path d=\"M0.416 27.84l11.456-11.84-11.456-11.904q-0.832-0.832 0-1.536 0.832-0.832 1.536 0l12.544 12.608q0.768 0.832 0 1.6l-12.544 12.608q-0.704 0.832-1.536 0-0.832-0.704 0-1.536z\"><\/path>\n<\/svg><\/span><\/a><\/div><\/div><\/div><footer class=\"entry-footer\"><div class=\"slide-meta\"><time class='slide-meta-time updated'  itemprop=\"datePublished\" datetime=\"2016-08-15T14:06:13+02:00\" >15 August 2016<\/time><\/div><\/footer><span class='hidden'>\n\t\t\t\t<span class='av-structured-data'  itemprop=\"image\" itemscope=\"itemscope\" itemtype=\"https:\/\/schema.org\/ImageObject\" >\n\t\t\t\t\t\t<span itemprop='url'>https:\/\/www.dixence-resort.ch\/wp-content\/uploads\/2019\/09\/5DSR0970-HDR.jpg<\/span>\n\t\t\t\t\t\t<span itemprop='height'>853<\/span>\n\t\t\t\t\t\t<span itemprop='width'>1280<\/span>\n\t\t\t\t<\/span>\n\t\t\t\t<span class='av-structured-data'  itemprop=\"publisher\" itemtype=\"https:\/\/schema.org\/Organization\" itemscope=\"itemscope\" >\n\t\t\t\t\t\t<span itemprop='name'>dellarocreative<\/span>\n\t\t\t\t\t\t<span itemprop='logo' itemscope itemtype='https:\/\/schema.org\/ImageObject'>\n\t\t\t\t\t\t\t<span itemprop='url'>https:\/\/www.dixence-resort.ch\/wp-content\/uploads\/2019\/09\/logo-dixence-resort-4vallees.png<\/span>\n\t\t\t\t\t\t<\/span>\n\t\t\t\t<\/span><span class='av-structured-data'  itemprop=\"author\" itemscope=\"itemscope\" itemtype=\"https:\/\/schema.org\/Person\" ><span itemprop='name'>dellarocreative<\/span><\/span><span class='av-structured-data'  itemprop=\"datePublished\" datetime=\"2019-10-22T11:30:44+02:00\" >2016-08-15 14:06:13<\/span><span class='av-structured-data'  itemprop=\"dateModified\" itemtype=\"https:\/\/schema.org\/dateModified\" >2020-03-11 06:05:14<\/span><span class='av-structured-data'  itemprop=\"mainEntityOfPage\" itemtype=\"https:\/\/schema.org\/mainEntityOfPage\" ><span itemprop='name'>Lac bleu<\/span><\/span><\/span><\/article><\/div><div class=\"slide-entry-wrap\"><article class='slide-entry flex_column  post-entry post-entry-770 slide-entry-overview slide-loop-19 slide-parity-odd  post-entry-last  av_fullwidth first real-thumbnail posttype-post post-format-standard'  itemscope=\"itemscope\" itemtype=\"https:\/\/schema.org\/CreativeWork\" ><a href='https:\/\/www.dixence-resort.ch\/en\/the-highest-dam-in-the-world\/' data-rel='slide-1' class='slide-image' title='The highest dam in the world'><img decoding=\"async\" fetchpriority=\"high\" width=\"1030\" height=\"686\" src=\"https:\/\/www.dixence-resort.ch\/wp-content\/uploads\/2019\/09\/dixence-dam_stereografik-1030x686.jpg\" class=\"wp-image-385 avia-img-lazy-loading-not-385 attachment-large size-large wp-post-image\" alt=\"Barrage de la Grande Dixence en Valais, Suisse | Dixence Resort\" srcset=\"https:\/\/www.dixence-resort.ch\/wp-content\/uploads\/2019\/09\/dixence-dam_stereografik-1030x686.jpg 1030w, https:\/\/www.dixence-resort.ch\/wp-content\/uploads\/2019\/09\/dixence-dam_stereografik-300x200.jpg 300w, https:\/\/www.dixence-resort.ch\/wp-content\/uploads\/2019\/09\/dixence-dam_stereografik-768x512.jpg 768w, https:\/\/www.dixence-resort.ch\/wp-content\/uploads\/2019\/09\/dixence-dam_stereografik-1500x1000.jpg 1500w, https:\/\/www.dixence-resort.ch\/wp-content\/uploads\/2019\/09\/dixence-dam_stereografik-705x470.jpg 705w, https:\/\/www.dixence-resort.ch\/wp-content\/uploads\/2019\/09\/dixence-dam_stereografik.jpg 2048w\" sizes=\"(max-width: 1030px) 100vw, 1030px\" \/><\/a><div class=\"slide-content\"><header class=\"entry-content-header\" aria-label=\"Slide: The highest dam in the world\"><h3 class='slide-entry-title entry-title '  itemprop=\"headline\" ><a href='https:\/\/www.dixence-resort.ch\/en\/the-highest-dam-in-the-world\/' title='The highest dam in the world'>The highest dam in the world<\/a><\/h3><span class=\"blog-categories minor-meta\"><a href=\"https:\/\/www.dixence-resort.ch\/en\/actualites\/excursions\/\" rel=\"tag\">Excursions<\/a>, <a href=\"https:\/\/www.dixence-resort.ch\/en\/actualites\/history\/\" rel=\"tag\">History<\/a> <\/span><span class=\"av-vertical-delimiter\"><\/span><\/header><div class='slide-entry-excerpt entry-content'  itemprop=\"text\" >The Grande-Dixence dam is the highest gravity dam in the world, at 285m. Following the hydroelectric installation at the beginning of the 21st century, the water can be driven to the Dent de Nendaz turbined on the valley floor at\u00a0 Bieudron around the clock.<div class=\"read-more-link\"><a href=\"https:\/\/www.dixence-resort.ch\/en\/the-highest-dam-in-the-world\/\" class=\"more-link\">Read more<span class='more-link-arrow avia-svg-icon avia-font-svg_entypo-fontello' data-av_svg_icon='right-open-big' data-av_iconset='svg_entypo-fontello'><svg version=\"1.1\" xmlns=\"http:\/\/www.w3.org\/2000\/svg\" width=\"15\" height=\"32\" viewBox=\"0 0 15 32\" preserveAspectRatio=\"xMidYMid meet\" role=\"graphics-symbol\" aria-hidden=\"true\">\n<path d=\"M0.416 27.84l11.456-11.84-11.456-11.904q-0.832-0.832 0-1.536 0.832-0.832 1.536 0l12.544 12.608q0.768 0.832 0 1.6l-12.544 12.608q-0.704 0.832-1.536 0-0.832-0.704 0-1.536z\"><\/path>\n<\/svg><\/span><\/a><\/div><\/div><\/div><footer class=\"entry-footer\"><div class=\"slide-meta\"><time class='slide-meta-time updated'  itemprop=\"datePublished\" datetime=\"2016-08-11T14:07:39+02:00\" >11 August 2016<\/time><\/div><\/footer><span class='hidden'>\n\t\t\t\t<span class='av-structured-data'  itemprop=\"image\" itemscope=\"itemscope\" itemtype=\"https:\/\/schema.org\/ImageObject\" >\n\t\t\t\t\t\t<span itemprop='url'>https:\/\/www.dixence-resort.ch\/wp-content\/uploads\/2019\/09\/dixence-dam_stereografik.jpg<\/span>\n\t\t\t\t\t\t<span itemprop='height'>1365<\/span>\n\t\t\t\t\t\t<span itemprop='width'>2048<\/span>\n\t\t\t\t<\/span>\n\t\t\t\t<span class='av-structured-data'  itemprop=\"publisher\" itemtype=\"https:\/\/schema.org\/Organization\" itemscope=\"itemscope\" >\n\t\t\t\t\t\t<span itemprop='name'>dellarocreative<\/span>\n\t\t\t\t\t\t<span itemprop='logo' itemscope itemtype='https:\/\/schema.org\/ImageObject'>\n\t\t\t\t\t\t\t<span itemprop='url'>https:\/\/www.dixence-resort.ch\/wp-content\/uploads\/2019\/09\/logo-dixence-resort-4vallees.png<\/span>\n\t\t\t\t\t\t<\/span>\n\t\t\t\t<\/span><span class='av-structured-data'  itemprop=\"author\" itemscope=\"itemscope\" itemtype=\"https:\/\/schema.org\/Person\" ><span itemprop='name'>dellarocreative<\/span><\/span><span class='av-structured-data'  itemprop=\"datePublished\" datetime=\"2019-10-22T11:30:44+02:00\" >2016-08-11 14:07:39<\/span><span class='av-structured-data'  itemprop=\"dateModified\" itemtype=\"https:\/\/schema.org\/dateModified\" >2020-03-11 06:05:52<\/span><span class='av-structured-data'  itemprop=\"mainEntityOfPage\" itemtype=\"https:\/\/schema.org\/mainEntityOfPage\" ><span itemprop='name'>The highest dam in the world<\/span><\/span><\/span><\/article><\/div><\/div><\/div>\n","protected":false},"excerpt":{"rendered":"","protected":false},"author":1,"featured_media":0,"parent":0,"menu_order":0,"comment_status":"closed","ping_status":"closed","template":"","meta":{"footnotes":""},"class_list":["post-802","page","type-page","status-publish","hentry"],"yoast_head":"<!-- This site is optimized with the Yoast SEO plugin v27.7 - https:\/\/yoast.com\/product\/yoast-seo-wordpress\/ -->\n<title>Latest News about Dixence Resort Project in H\u00e9r\u00e9mence, Valais<\/title>\n<meta name=\"description\" content=\"Have a look at the latest news about Dixence Resort Project in H\u00e9r\u00e9mence, near Verbier et Zermatt, and discover usefull tips about Val d&#039;H\u00e9rens area in Valais\" \/>\n<meta name=\"robots\" content=\"index, follow, max-snippet:-1, max-image-preview:large, max-video-preview:-1\" \/>\n<link rel=\"canonical\" href=\"https:\/\/www.dixence-resort.ch\/en\/news\/\" \/>\n<meta property=\"og:locale\" content=\"en_US\" \/>\n<meta property=\"og:type\" content=\"article\" \/>\n<meta property=\"og:title\" content=\"Latest News about Dixence Resort Project in H\u00e9r\u00e9mence, Valais\" \/>\n<meta property=\"og:description\" content=\"Have a look at the latest news about Dixence Resort Project in H\u00e9r\u00e9mence, near Verbier et Zermatt, and discover usefull tips about Val d&#039;H\u00e9rens area in Valais\" \/>\n<meta property=\"og:url\" content=\"https:\/\/www.dixence-resort.ch\/en\/news\/\" \/>\n<meta property=\"og:site_name\" content=\"Dixence Resort\" \/>\n<meta property=\"article:modified_time\" content=\"2020-02-11T13:47:21+00:00\" \/>\n<meta name=\"twitter:card\" content=\"summary_large_image\" \/>\n<meta name=\"twitter:label1\" content=\"Est. reading time\" \/>\n\t<meta name=\"twitter:data1\" content=\"1 minute\" \/>\n<script type=\"application\/ld+json\" class=\"yoast-schema-graph\">{\"@context\":\"https:\\\/\\\/schema.org\",\"@graph\":[{\"@type\":\"WebPage\",\"@id\":\"https:\\\/\\\/www.dixence-resort.ch\\\/en\\\/news\\\/\",\"url\":\"https:\\\/\\\/www.dixence-resort.ch\\\/en\\\/news\\\/\",\"name\":\"Latest News about Dixence Resort Project in H\u00e9r\u00e9mence, Valais\",\"isPartOf\":{\"@id\":\"https:\\\/\\\/www.dixence-resort.ch\\\/en\\\/#website\"},\"datePublished\":\"2019-10-22T09:30:44+00:00\",\"dateModified\":\"2020-02-11T13:47:21+00:00\",\"description\":\"Have a look at the latest news about Dixence Resort Project in H\u00e9r\u00e9mence, near Verbier et Zermatt, and discover usefull tips about Val d'H\u00e9rens area in Valais\",\"breadcrumb\":{\"@id\":\"https:\\\/\\\/www.dixence-resort.ch\\\/en\\\/news\\\/#breadcrumb\"},\"inLanguage\":\"en-US\",\"potentialAction\":[{\"@type\":\"ReadAction\",\"target\":[\"https:\\\/\\\/www.dixence-resort.ch\\\/en\\\/news\\\/\"]}]},{\"@type\":\"BreadcrumbList\",\"@id\":\"https:\\\/\\\/www.dixence-resort.ch\\\/en\\\/news\\\/#breadcrumb\",\"itemListElement\":[{\"@type\":\"ListItem\",\"position\":1,\"name\":\"Accueil\",\"item\":\"https:\\\/\\\/www.dixence-resort.ch\\\/en\\\/accueil\\\/\"},{\"@type\":\"ListItem\",\"position\":2,\"name\":\"Actualit\u00e9s\"}]},{\"@type\":\"WebSite\",\"@id\":\"https:\\\/\\\/www.dixence-resort.ch\\\/en\\\/#website\",\"url\":\"https:\\\/\\\/www.dixence-resort.ch\\\/en\\\/\",\"name\":\"Dixence Resort\",\"description\":\"\",\"potentialAction\":[{\"@type\":\"SearchAction\",\"target\":{\"@type\":\"EntryPoint\",\"urlTemplate\":\"https:\\\/\\\/www.dixence-resort.ch\\\/en\\\/?s={search_term_string}\"},\"query-input\":{\"@type\":\"PropertyValueSpecification\",\"valueRequired\":true,\"valueName\":\"search_term_string\"}}],\"inLanguage\":\"en-US\"}]}<\/script>\n<!-- \/ Yoast SEO plugin. -->","yoast_head_json":{"title":"Latest News about Dixence Resort Project in H\u00e9r\u00e9mence, Valais","description":"Have a look at the latest news about Dixence Resort Project in H\u00e9r\u00e9mence, near Verbier et Zermatt, and discover usefull tips about Val d'H\u00e9rens area in Valais","robots":{"index":"index","follow":"follow","max-snippet":"max-snippet:-1","max-image-preview":"max-image-preview:large","max-video-preview":"max-video-preview:-1"},"canonical":"https:\/\/www.dixence-resort.ch\/en\/news\/","og_locale":"en_US","og_type":"article","og_title":"Latest News about Dixence Resort Project in H\u00e9r\u00e9mence, Valais","og_description":"Have a look at the latest news about Dixence Resort Project in H\u00e9r\u00e9mence, near Verbier et Zermatt, and discover usefull tips about Val d'H\u00e9rens area in Valais","og_url":"https:\/\/www.dixence-resort.ch\/en\/news\/","og_site_name":"Dixence Resort","article_modified_time":"2020-02-11T13:47:21+00:00","twitter_card":"summary_large_image","twitter_misc":{"Est. reading time":"1 minute"},"schema":{"@context":"https:\/\/schema.org","@graph":[{"@type":"WebPage","@id":"https:\/\/www.dixence-resort.ch\/en\/news\/","url":"https:\/\/www.dixence-resort.ch\/en\/news\/","name":"Latest News about Dixence Resort Project in H\u00e9r\u00e9mence, Valais","isPartOf":{"@id":"https:\/\/www.dixence-resort.ch\/en\/#website"},"datePublished":"2019-10-22T09:30:44+00:00","dateModified":"2020-02-11T13:47:21+00:00","description":"Have a look at the latest news about Dixence Resort Project in H\u00e9r\u00e9mence, near Verbier et Zermatt, and discover usefull tips about Val d'H\u00e9rens area in Valais","breadcrumb":{"@id":"https:\/\/www.dixence-resort.ch\/en\/news\/#breadcrumb"},"inLanguage":"en-US","potentialAction":[{"@type":"ReadAction","target":["https:\/\/www.dixence-resort.ch\/en\/news\/"]}]},{"@type":"BreadcrumbList","@id":"https:\/\/www.dixence-resort.ch\/en\/news\/#breadcrumb","itemListElement":[{"@type":"ListItem","position":1,"name":"Accueil","item":"https:\/\/www.dixence-resort.ch\/en\/accueil\/"},{"@type":"ListItem","position":2,"name":"Actualit\u00e9s"}]},{"@type":"WebSite","@id":"https:\/\/www.dixence-resort.ch\/en\/#website","url":"https:\/\/www.dixence-resort.ch\/en\/","name":"Dixence Resort","description":"","potentialAction":[{"@type":"SearchAction","target":{"@type":"EntryPoint","urlTemplate":"https:\/\/www.dixence-resort.ch\/en\/?s={search_term_string}"},"query-input":{"@type":"PropertyValueSpecification","valueRequired":true,"valueName":"search_term_string"}}],"inLanguage":"en-US"}]}},"_links":{"self":[{"href":"https:\/\/www.dixence-resort.ch\/en\/wp-json\/wp\/v2\/pages\/802","targetHints":{"allow":["GET"]}}],"collection":[{"href":"https:\/\/www.dixence-resort.ch\/en\/wp-json\/wp\/v2\/pages"}],"about":[{"href":"https:\/\/www.dixence-resort.ch\/en\/wp-json\/wp\/v2\/types\/page"}],"author":[{"embeddable":true,"href":"https:\/\/www.dixence-resort.ch\/en\/wp-json\/wp\/v2\/users\/1"}],"replies":[{"embeddable":true,"href":"https:\/\/www.dixence-resort.ch\/en\/wp-json\/wp\/v2\/comments?post=802"}],"version-history":[{"count":4,"href":"https:\/\/www.dixence-resort.ch\/en\/wp-json\/wp\/v2\/pages\/802\/revisions"}],"predecessor-version":[{"id":2840,"href":"https:\/\/www.dixence-resort.ch\/en\/wp-json\/wp\/v2\/pages\/802\/revisions\/2840"}],"wp:attachment":[{"href":"https:\/\/www.dixence-resort.ch\/en\/wp-json\/wp\/v2\/media?parent=802"}],"curies":[{"name":"wp","href":"https:\/\/api.w.org\/{rel}","templated":true}]}}